{"id":35,"date":"2019-08-18T12:39:28","date_gmt":"2019-08-18T10:39:28","guid":{"rendered":"http:\/\/pappen.arbeitslink.de\/?page_id=35"},"modified":"2020-10-16T10:50:28","modified_gmt":"2020-10-16T08:50:28","slug":"historie","status":"publish","type":"page","link":"https:\/\/www.pappen.de\/de\/tullau-pappen\/historie\/","title":{"rendered":"Historie"},"content":{"rendered":"\t\t<div data-elementor-type=\"wp-page\" data-elementor-id=\"35\" class=\"elementor elementor-35\" data-elementor-post-type=\"page\">\n\t\t\t\t\t\t<section class=\"elementor-section elementor-top-section elementor-element elementor-element-b4691f0 make--section--regular elementor-section-boxed elementor-section-height-default elementor-section-height-default\" data-id=\"b4691f0\" data-element_type=\"section\" data-e-type=\"section\">\n\t\t\t\t\t\t<div class=\"elementor-container elementor-column-gap-default\">\n\t\t\t\t\t<div class=\"elementor-column elementor-col-100 elementor-top-column elementor-element elementor-element-c931054\" data-id=\"c931054\" data-element_type=\"column\" data-e-type=\"column\">\n\t\t\t<div class=\"elementor-widget-wrap elementor-element-populated\">\n\t\t\t\t\t\t<div class=\"elementor-element elementor-element-2c81826 elementor-widget elementor-widget-text-editor\" data-id=\"2c81826\" data-element_type=\"widget\" data-e-type=\"widget\" data-widget_type=\"text-editor.default\">\n\t\t\t\t<div class=\"elementor-widget-container\">\n\t\t\t\t\t<span id=2c81826><\/span>\t\t\t\t<p>Gegr\u00fcndet wurde die Pappenfabrik Tullau im Jahr 1878 und ist seither im Familienbesitz. Ursprung war die Nutzung der umweltfreundlichen Wasserkraft, die auch noch heute im Einsatz ist.&nbsp;Heute sind wir ein Unternehmen mit zwei Produktionsstandorten, das sich als moderner Vollpappenhersteller den Entwicklungen und Herausforderungen der Zukunft stellt.<br>Wir laden Sie ein, mehr \u00fcber die Geschichte von TULLAU PAPPEN zu erfahren. Die Entwicklung des Unternehmens von den Urspr\u00fcngen um 1600 bis heute k\u00f6nnen Sie hier nachlesen:<\/p>\t\t\t\t\t\t\t\t<\/div>\n\t\t\t\t<\/div>\n\t\t\t\t<div class=\"elementor-element elementor-element-a514413 elementor-widget elementor-widget-spacer\" data-id=\"a514413\" data-element_type=\"widget\" data-e-type=\"widget\" data-widget_type=\"spacer.default\">\n\t\t\t\t<div class=\"elementor-widget-container\">\n\t\t\t\t\t<span id=a514413><\/span>\t\t<div class=\"elementor-spacer\">\n\t\t\t<div class=\"elementor-spacer-inner\"><\/div>\n\t\t<\/div>\n\t\t\t\t\t\t<\/div>\n\t\t\t\t<\/div>\n\t\t\t\t<div class=\"elementor-element elementor-element-a91219a ee-timeline-align-tablet--center ee-timeline-align-mobile--overlay ee-timeline-align--center ee-timeline-cards-align--top ee-timeline-cards-align-tablet--top ee-timeline-cards-align-mobile--top ee-timeline-animate elementor-widget elementor-widget-timeline\" data-id=\"a91219a\" data-element_type=\"widget\" data-e-type=\"widget\" data-settings=\"{&quot;line_location&quot;:{&quot;unit&quot;:&quot;px&quot;,&quot;size&quot;:50,&quot;sizes&quot;:[]}}\" data-widget_type=\"timeline.default\">\n\t\t\t\t<div class=\"elementor-widget-container\">\n\t\t\t\t\t<span id=a91219a><\/span><section class=\"ee-timeline ee-timeline--vertical\"><div class=\"ee-timeline__line\">\n\t\t\t<div class=\"ee-timeline__line__inner\"><\/div>\n\t\t<\/div><div class=\"elementor-repeater-item-a80c7b0 ee-timeline__item timeline-item\">\n\t\t\t\t<div class=\"timeline-item__point\"><span class=\"ee-icon ee-icon-support--svg ee-timeline__item__icon\"><i aria-hidden=\"true\" class=\"far fa-calendar-times\"><\/i><\/span><\/div>\n\t\t\t\t<div class=\"timeline-item__card-wrapper\">\n\t\t\t\t\t<div class=\"timeline-item__card\">\n\n\t\t\t\t\t\t<div class=\"timeline-item__content-wrapper\"><div class=\"timeline-item__content\"><!-- meta -->\n\t\t<div class=\"timeline-item__meta meta\">\n\t\t\t2020\t\t<\/div><div class=\"timeline-item__content__wysiwyg\">\n\t\t\t\t<h4>Heute<\/h4><p>TULLAU PAPPEN entwickelt die Prozesse weiter um zukunftsfest im Bereich Digitalisierung und Klimaeinfluss zu sein.\u00a0<\/p>\t\t\t<\/div>\n\t\t<\/div><\/div><div class=\"timeline-item__card__arrow\"><\/div><\/div>\n\t\t\t\t<\/div>\n\t\t\t\t<div class=\"timeline-item__meta-wrapper\"><!-- meta -->\n\t\t<div class=\"timeline-item__meta meta timeline-item__meta meta\">\n\t\t\t2020\t\t<\/div><\/div>\n\t\t\t<\/div><div class=\"elementor-repeater-item-77c24b3 ee-timeline__item timeline-item\">\n\t\t\t\t<div class=\"timeline-item__point\"><span class=\"ee-icon ee-icon-support--svg ee-timeline__item__icon\"><i aria-hidden=\"true\" class=\"far fa-calendar-times\"><\/i><\/span><\/div>\n\t\t\t\t<div class=\"timeline-item__card-wrapper\">\n\t\t\t\t\t<div class=\"timeline-item__card\">\n\n\t\t\t\t\t\t<div class=\"timeline-item__content-wrapper\"><div class=\"timeline-item__content\"><!-- meta -->\n\t\t<div class=\"timeline-item__meta meta\">\n\t\t\t2017\t\t<\/div><div class=\"timeline-item__content__wysiwyg\">\n\t\t\t\t<h4>Ausweitung der Pappenveredelung<\/h4><p>Wir erweitern unsere Pappenveredelung durch neue Produktionsm\u00f6glichkeiten.<\/p>\t\t\t<\/div>\n\t\t<\/div><\/div><div class=\"timeline-item__card__arrow\"><\/div><\/div>\n\t\t\t\t<\/div>\n\t\t\t\t<div class=\"timeline-item__meta-wrapper\"><!-- meta -->\n\t\t<div class=\"timeline-item__meta meta timeline-item__meta meta\">\n\t\t\t2017\t\t<\/div><\/div>\n\t\t\t<\/div><div class=\"elementor-repeater-item-8dab4d4 ee-timeline__item timeline-item\">\n\t\t\t\t<div class=\"timeline-item__point\"><span class=\"ee-icon ee-icon-support--svg ee-timeline__item__icon\"><i aria-hidden=\"true\" class=\"far fa-calendar-times\"><\/i><\/span><\/div>\n\t\t\t\t<div class=\"timeline-item__card-wrapper\">\n\t\t\t\t\t<div class=\"timeline-item__card\">\n\n\t\t\t\t\t\t<div class=\"timeline-item__content-wrapper\"><div class=\"timeline-item__content\"><!-- meta -->\n\t\t<div class=\"timeline-item__meta meta\">\n\t\t\t2015\t\t<\/div><div class=\"timeline-item__content__wysiwyg\">\n\t\t\t\t<h4>Zwei Produktionslinien<\/h4><p>TULLAU PAPPEN ist mit zwei Produktionslinien ein moderner Vollpappenhersteller, der sich den Entwicklungen und Herausforderungen der Zukunft stellt. Jahreskapazit\u00e4t ca. 40.000 t.<\/p>\t\t\t<\/div>\n\t\t<\/div><\/div><div class=\"timeline-item__card__arrow\"><\/div><\/div>\n\t\t\t\t<\/div>\n\t\t\t\t<div class=\"timeline-item__meta-wrapper\"><!-- meta -->\n\t\t<div class=\"timeline-item__meta meta timeline-item__meta meta\">\n\t\t\t2015\t\t<\/div><\/div>\n\t\t\t<\/div><div class=\"elementor-repeater-item-a90a771 ee-timeline__item timeline-item\">\n\t\t\t\t<div class=\"timeline-item__point\"><span class=\"ee-icon ee-icon-support--svg ee-timeline__item__icon\"><i aria-hidden=\"true\" class=\"far fa-calendar-times\"><\/i><\/span><\/div>\n\t\t\t\t<div class=\"timeline-item__card-wrapper\">\n\t\t\t\t\t<div class=\"timeline-item__card\">\n\n\t\t\t\t\t\t<div class=\"timeline-item__content-wrapper\"><div class=\"timeline-item__content\"><!-- meta -->\n\t\t<div class=\"timeline-item__meta meta\">\n\t\t\t2013\t\t<\/div><div class=\"timeline-item__content__wysiwyg\">\n\t\t\t\t<h4>Neue Erdgasanbindung<\/h4><p>Neubau einer Erdgasanbindung zur strategischen Erneuerung der Energieversorgung des Standorts Tullau.<\/p>\t\t\t<\/div>\n\t\t<\/div><\/div><div class=\"timeline-item__card__arrow\"><\/div><\/div>\n\t\t\t\t<\/div>\n\t\t\t\t<div class=\"timeline-item__meta-wrapper\"><!-- meta -->\n\t\t<div class=\"timeline-item__meta meta timeline-item__meta meta\">\n\t\t\t2013\t\t<\/div><\/div>\n\t\t\t<\/div><div class=\"elementor-repeater-item-501468d ee-timeline__item timeline-item\">\n\t\t\t\t<div class=\"timeline-item__point\"><span class=\"ee-icon ee-icon-support--svg ee-timeline__item__icon\"><i aria-hidden=\"true\" class=\"far fa-calendar-times\"><\/i><\/span><\/div>\n\t\t\t\t<div class=\"timeline-item__card-wrapper\">\n\t\t\t\t\t<div class=\"timeline-item__card\">\n\n\t\t\t\t\t\t<div class=\"timeline-item__content-wrapper\"><div class=\"timeline-item__content\"><!-- meta -->\n\t\t<div class=\"timeline-item__meta meta\">\n\t\t\t2012\t\t<\/div><div class=\"timeline-item__content__wysiwyg\">\n\t\t\t\t<h4>Online-Gl\u00e4ttwerk<\/h4><p>Inbetriebnahme des Online-Gl\u00e4ttwerks im Werk Tullau.<\/p>\t\t\t<\/div>\n\t\t<\/div><\/div><div class=\"timeline-item__card__arrow\"><\/div><\/div>\n\t\t\t\t<\/div>\n\t\t\t\t<div class=\"timeline-item__meta-wrapper\"><!-- meta -->\n\t\t<div class=\"timeline-item__meta meta timeline-item__meta meta\">\n\t\t\t2012\t\t<\/div><\/div>\n\t\t\t<\/div><div class=\"elementor-repeater-item-f6c4d36 ee-timeline__item timeline-item\">\n\t\t\t\t<div class=\"timeline-item__point\"><span class=\"ee-icon ee-icon-support--svg ee-timeline__item__icon\"><i aria-hidden=\"true\" class=\"far fa-calendar-times\"><\/i><\/span><\/div>\n\t\t\t\t<div class=\"timeline-item__card-wrapper\">\n\t\t\t\t\t<div class=\"timeline-item__card\">\n\n\t\t\t\t\t\t<div class=\"timeline-item__content-wrapper\"><div class=\"timeline-item__content\"><!-- meta -->\n\t\t<div class=\"timeline-item__meta meta\">\n\t\t\t2011\t\t<\/div><div class=\"timeline-item__content__wysiwyg\">\n\t\t\t\t<h4>Umbau der Siebpartie<\/h4><p>In Trauchgau bauen wir erfolgreich die Siebpartie um, auf Mehrlangsieb zur Herstellung von Karton.<\/p>\t\t\t<\/div>\n\t\t<\/div><\/div><div class=\"timeline-item__card__arrow\"><\/div><\/div>\n\t\t\t\t<\/div>\n\t\t\t\t<div class=\"timeline-item__meta-wrapper\"><!-- meta -->\n\t\t<div class=\"timeline-item__meta meta timeline-item__meta meta\">\n\t\t\t2011\t\t<\/div><\/div>\n\t\t\t<\/div><div class=\"elementor-repeater-item-b012f82 ee-timeline__item timeline-item\">\n\t\t\t\t<div class=\"timeline-item__point\"><span class=\"ee-icon ee-icon-support--svg ee-timeline__item__icon\"><i aria-hidden=\"true\" class=\"far fa-calendar-times\"><\/i><\/span><\/div>\n\t\t\t\t<div class=\"timeline-item__card-wrapper\">\n\t\t\t\t\t<div class=\"timeline-item__card\">\n\n\t\t\t\t\t\t<div class=\"timeline-item__content-wrapper\"><div class=\"timeline-item__content\"><!-- meta -->\n\t\t<div class=\"timeline-item__meta meta\">\n\t\t\t2010\t\t<\/div><div class=\"timeline-item__content__wysiwyg\">\n\t\t\t\t<h4>Neues Kesselhaus<\/h4><p>In Trauchgau wird durch ein neues Kesselhaus die Trocknung auf Dampf umgestellt und die neue anaerobe Kl\u00e4ranlage geht in Betrieb.<\/p>\t\t\t<\/div>\n\t\t<\/div><\/div><div class=\"timeline-item__card__arrow\"><\/div><\/div>\n\t\t\t\t<\/div>\n\t\t\t\t<div class=\"timeline-item__meta-wrapper\"><!-- meta -->\n\t\t<div class=\"timeline-item__meta meta timeline-item__meta meta\">\n\t\t\t2010\t\t<\/div><\/div>\n\t\t\t<\/div><div class=\"elementor-repeater-item-45e2106 ee-timeline__item timeline-item\">\n\t\t\t\t<div class=\"timeline-item__point\"><span class=\"ee-icon ee-icon-support--svg ee-timeline__item__icon\"><i aria-hidden=\"true\" class=\"far fa-calendar-times\"><\/i><\/span><\/div>\n\t\t\t\t<div class=\"timeline-item__card-wrapper\">\n\t\t\t\t\t<div class=\"timeline-item__card\">\n\n\t\t\t\t\t\t<div class=\"timeline-item__content-wrapper\"><div class=\"timeline-item__content\"><!-- meta -->\n\t\t<div class=\"timeline-item__meta meta\">\n\t\t\t2009\t\t<\/div><div class=\"timeline-item__content__wysiwyg\">\n\t\t\t\t<h4>Online-Gl\u00e4ttwerk<\/h4><p>Inbetriebnahme des Online-Gl\u00e4ttwerks im Werk Trauchgau.<\/p>\t\t\t<\/div>\n\t\t<\/div><\/div><div class=\"timeline-item__card__arrow\"><\/div><\/div>\n\t\t\t\t<\/div>\n\t\t\t\t<div class=\"timeline-item__meta-wrapper\"><!-- meta -->\n\t\t<div class=\"timeline-item__meta meta timeline-item__meta meta\">\n\t\t\t2009\t\t<\/div><\/div>\n\t\t\t<\/div><div class=\"elementor-repeater-item-00d9e5e ee-timeline__item timeline-item\">\n\t\t\t\t<div class=\"timeline-item__point\"><span class=\"ee-icon ee-icon-support--svg ee-timeline__item__icon\"><i aria-hidden=\"true\" class=\"far fa-calendar-times\"><\/i><\/span><\/div>\n\t\t\t\t<div class=\"timeline-item__card-wrapper\">\n\t\t\t\t\t<div class=\"timeline-item__card\">\n\n\t\t\t\t\t\t<div class=\"timeline-item__content-wrapper\"><div class=\"timeline-item__content\"><!-- meta -->\n\t\t<div class=\"timeline-item__meta meta\">\n\t\t\t2006\t\t<\/div><div class=\"timeline-item__content__wysiwyg\">\n\t\t\t\t<h4>Erster Messeauftritt auf der FachPack<\/h4><p>Erster Messeauftritt auf der Internationalen Verpackungsmesse FachPack in N\u00fcrnberg. Zahlreiche Kunden besuchen TULLAU PAPPEN am gr\u00fcn illuminierten Stand und viele Interessenten aus dem In- und Ausland werden als Kunden gewonnen.<\/p><p><img fetchpriority=\"high\" decoding=\"async\" class=\"alignnone size-medium wp-image-956\" src=\"https:\/\/www.pappen.de\/wp-content\/uploads\/2020\/02\/Messe-Fachpack2006-300x225.jpg\" alt=\"\" width=\"300\" height=\"225\" srcset=\"https:\/\/www.pappen.de\/wp-content\/uploads\/2020\/02\/Messe-Fachpack2006-300x225.jpg 300w, https:\/\/www.pappen.de\/wp-content\/uploads\/2020\/02\/Messe-Fachpack2006-768x576.jpg 768w, https:\/\/www.pappen.de\/wp-content\/uploads\/2020\/02\/Messe-Fachpack2006.jpg 800w\" sizes=\"(max-width: 300px) 100vw, 300px\" \/><\/p><p>Au\u00dferdem:<br \/>Tagesproduktion beider Standorte \u00fcberschreitet die Menge von 100 t.<\/p>\t\t\t<\/div>\n\t\t<\/div><\/div><div class=\"timeline-item__card__arrow\"><\/div><\/div>\n\t\t\t\t<\/div>\n\t\t\t\t<div class=\"timeline-item__meta-wrapper\"><!-- meta -->\n\t\t<div class=\"timeline-item__meta meta timeline-item__meta meta\">\n\t\t\t2006\t\t<\/div><\/div>\n\t\t\t<\/div><div class=\"elementor-repeater-item-5beb306 ee-timeline__item timeline-item\">\n\t\t\t\t<div class=\"timeline-item__point\"><span class=\"ee-icon ee-icon-support--svg ee-timeline__item__icon\"><i aria-hidden=\"true\" class=\"far fa-calendar-times\"><\/i><\/span><\/div>\n\t\t\t\t<div class=\"timeline-item__card-wrapper\">\n\t\t\t\t\t<div class=\"timeline-item__card\">\n\n\t\t\t\t\t\t<div class=\"timeline-item__content-wrapper\"><div class=\"timeline-item__content\"><!-- meta -->\n\t\t<div class=\"timeline-item__meta meta\">\n\t\t\t2004\t\t<\/div><div class=\"timeline-item__content__wysiwyg\">\n\t\t\t\t<h4>Wir etablieren uns<\/h4><p>TULLAU PAPPEN als Synonym f\u00fcr den Komplettanbieter in der Herstellung von Vollpappen wird im Markt etabliert.<\/p>\t\t\t<\/div>\n\t\t<\/div><\/div><div class=\"timeline-item__card__arrow\"><\/div><\/div>\n\t\t\t\t<\/div>\n\t\t\t\t<div class=\"timeline-item__meta-wrapper\"><!-- meta -->\n\t\t<div class=\"timeline-item__meta meta timeline-item__meta meta\">\n\t\t\t2004\t\t<\/div><\/div>\n\t\t\t<\/div><div class=\"elementor-repeater-item-1ea8e8d ee-timeline__item timeline-item\">\n\t\t\t\t<div class=\"timeline-item__point\"><span class=\"ee-icon ee-icon-support--svg ee-timeline__item__icon\"><i aria-hidden=\"true\" class=\"far fa-calendar-times\"><\/i><\/span><\/div>\n\t\t\t\t<div class=\"timeline-item__card-wrapper\">\n\t\t\t\t\t<div class=\"timeline-item__card\">\n\n\t\t\t\t\t\t<div class=\"timeline-item__content-wrapper\"><div class=\"timeline-item__content\"><!-- meta -->\n\t\t<div class=\"timeline-item__meta meta\">\n\t\t\t2003\t\t<\/div><div class=\"timeline-item__content__wysiwyg\">\n\t\t\t\t<h4>125 Jahre TULLAU PAPPEN<\/h4><p>TULLAU PAPPEN feiert 125-j\u00e4hriges Firmenjubil\u00e4um.<br \/>Kunden und namhafte G\u00e4ste aus Wirtschaft und Politik waren in die Kunsthalle W\u00fcrth eingeladen. Neben einem umfangreichen Rahmenprogramm bot sich die M\u00f6glichkeit an einer historischen Stadtf\u00fchrung oder an einem Rundgang durch die Max Liebermann Ausstellung der Kunsthalle W\u00fcrth teilzunehmen.<\/p>\t\t\t<\/div>\n\t\t<\/div><\/div><div class=\"timeline-item__card__arrow\"><\/div><\/div>\n\t\t\t\t<\/div>\n\t\t\t\t<div class=\"timeline-item__meta-wrapper\"><!-- meta -->\n\t\t<div class=\"timeline-item__meta meta timeline-item__meta meta\">\n\t\t\t2003\t\t<\/div><\/div>\n\t\t\t<\/div><div class=\"elementor-repeater-item-9ec7b43 ee-timeline__item timeline-item\">\n\t\t\t\t<div class=\"timeline-item__point\"><span class=\"ee-icon ee-icon-support--svg ee-timeline__item__icon\"><i aria-hidden=\"true\" class=\"far fa-calendar-times\"><\/i><\/span><\/div>\n\t\t\t\t<div class=\"timeline-item__card-wrapper\">\n\t\t\t\t\t<div class=\"timeline-item__card\">\n\n\t\t\t\t\t\t<div class=\"timeline-item__content-wrapper\"><div class=\"timeline-item__content\"><!-- meta -->\n\t\t<div class=\"timeline-item__meta meta\">\n\t\t\t1997\t\t<\/div><div class=\"timeline-item__content__wysiwyg\">\n\t\t\t\t<h4>Erwerb der Pappenfabrik Trauchgau<\/h4><p>Das Unternehmen erwirbt die brandbesch\u00e4digte Pappenfabrik Trauchgau (Bayern). Nach umfangreichen Wiederaufbauma\u00dfnahmen und einer General\u00fcberholung des Maschinenparks kann die Produktion im Werk Trauchgau im Fr\u00fchjahr 1998 starten.<\/p><p><img decoding=\"async\" class=\"alignnone size-full wp-image-954\" src=\"https:\/\/www.pappen.de\/wp-content\/uploads\/2020\/02\/1992.jpg\" alt=\"\" width=\"140\" height=\"152\" \/><\/p>\t\t\t<\/div>\n\t\t<\/div><\/div><div class=\"timeline-item__card__arrow\"><\/div><\/div>\n\t\t\t\t<\/div>\n\t\t\t\t<div class=\"timeline-item__meta-wrapper\"><!-- meta -->\n\t\t<div class=\"timeline-item__meta meta timeline-item__meta meta\">\n\t\t\t1997\t\t<\/div><\/div>\n\t\t\t<\/div><div class=\"elementor-repeater-item-1e7960a ee-timeline__item timeline-item\">\n\t\t\t\t<div class=\"timeline-item__point\"><span class=\"ee-icon ee-icon-support--svg ee-timeline__item__icon\"><i aria-hidden=\"true\" class=\"far fa-calendar-times\"><\/i><\/span><\/div>\n\t\t\t\t<div class=\"timeline-item__card-wrapper\">\n\t\t\t\t\t<div class=\"timeline-item__card\">\n\n\t\t\t\t\t\t<div class=\"timeline-item__content-wrapper\"><div class=\"timeline-item__content\"><!-- meta -->\n\t\t<div class=\"timeline-item__meta meta\">\n\t\t\t1992\t\t<\/div><div class=\"timeline-item__content__wysiwyg\">\n\t\t\t\t<h4>Matthias Kurz als Gesch\u00e4ftsf\u00fchrer<\/h4><p>Mit Matthias Kurz als zweitem Gesch\u00e4ftsf\u00fchrer ist nun die Gesellschaft in der 5.\u00a0Generation t\u00e4tig. Neue Anwendungsgebiete f\u00fcr Pappenprodukte, ein neu strukturierter Vertrieb und forcierte Exportaktivit\u00e4ten sind wesentliche Neuerungen. Produktivit\u00e4t und Pappequalit\u00e4ten werden ma\u00dfgeblich weiterentwickelt.<\/p>\t\t\t<\/div>\n\t\t<\/div><\/div><div class=\"timeline-item__card__arrow\"><\/div><\/div>\n\t\t\t\t<\/div>\n\t\t\t\t<div class=\"timeline-item__meta-wrapper\"><!-- meta -->\n\t\t<div class=\"timeline-item__meta meta timeline-item__meta meta\">\n\t\t\t1992\t\t<\/div><\/div>\n\t\t\t<\/div><div class=\"elementor-repeater-item-aeb35a5 ee-timeline__item timeline-item\">\n\t\t\t\t<div class=\"timeline-item__point\"><span class=\"ee-icon ee-icon-support--svg ee-timeline__item__icon\"><i aria-hidden=\"true\" class=\"far fa-calendar-times\"><\/i><\/span><\/div>\n\t\t\t\t<div class=\"timeline-item__card-wrapper\">\n\t\t\t\t\t<div class=\"timeline-item__card\">\n\n\t\t\t\t\t\t<div class=\"timeline-item__content-wrapper\"><div class=\"timeline-item__content\"><!-- meta -->\n\t\t<div class=\"timeline-item__meta meta\">\n\t\t\t1980\t\t<\/div><div class=\"timeline-item__content__wysiwyg\">\n\t\t\t\t<h4>Neuer Standort<\/h4><p>TULLAU PAPPEN zieht innerhalb des Ortes an einen neuen Standort. Hier wird eine neue moderne Pappenstra\u00dfe mit einer Bogengr\u00f6\u00dfe von 3,05 x 4,60 m und einer Tagesleistung von 20 t errichtet.<\/p><p><img decoding=\"async\" class=\"alignnone size-full wp-image-949\" src=\"https:\/\/www.pappen.de\/wp-content\/uploads\/2020\/02\/1980.jpg\" alt=\"\" width=\"140\" height=\"152\" \/><\/p>\t\t\t<\/div>\n\t\t<\/div><\/div><div class=\"timeline-item__card__arrow\"><\/div><\/div>\n\t\t\t\t<\/div>\n\t\t\t\t<div class=\"timeline-item__meta-wrapper\"><!-- meta -->\n\t\t<div class=\"timeline-item__meta meta timeline-item__meta meta\">\n\t\t\t1980\t\t<\/div><\/div>\n\t\t\t<\/div><div class=\"elementor-repeater-item-77a7b58 ee-timeline__item timeline-item\">\n\t\t\t\t<div class=\"timeline-item__point\"><span class=\"ee-icon ee-icon-support--svg ee-timeline__item__icon\"><i aria-hidden=\"true\" class=\"far fa-calendar-times\"><\/i><\/span><\/div>\n\t\t\t\t<div class=\"timeline-item__card-wrapper\">\n\t\t\t\t\t<div class=\"timeline-item__card\">\n\n\t\t\t\t\t\t<div class=\"timeline-item__content-wrapper\"><div class=\"timeline-item__content\"><!-- meta -->\n\t\t<div class=\"timeline-item__meta meta\">\n\t\t\t1973\t\t<\/div><div class=\"timeline-item__content__wysiwyg\">\n\t\t\t\t<h4>Erwerb des S\u00e4gewerks<\/h4><p>Die Pappenfabrik erwirbt das ortsans\u00e4ssige S\u00e4gewerk und erweitert so ihren Betrieb. Nach dem Tod von Hermann Kurz wird G\u00fcnter Kurz alleiniger Gesch\u00e4ftsf\u00fchrer der Gesellschaft.<\/p>\t\t\t<\/div>\n\t\t<\/div><\/div><div class=\"timeline-item__card__arrow\"><\/div><\/div>\n\t\t\t\t<\/div>\n\t\t\t\t<div class=\"timeline-item__meta-wrapper\"><!-- meta -->\n\t\t<div class=\"timeline-item__meta meta timeline-item__meta meta\">\n\t\t\t1973\t\t<\/div><\/div>\n\t\t\t<\/div><div class=\"elementor-repeater-item-5c4d3d0 ee-timeline__item timeline-item\">\n\t\t\t\t<div class=\"timeline-item__point\"><span class=\"ee-icon ee-icon-support--svg ee-timeline__item__icon\"><i aria-hidden=\"true\" class=\"far fa-calendar-times\"><\/i><\/span><\/div>\n\t\t\t\t<div class=\"timeline-item__card-wrapper\">\n\t\t\t\t\t<div class=\"timeline-item__card\">\n\n\t\t\t\t\t\t<div class=\"timeline-item__content-wrapper\"><div class=\"timeline-item__content\"><!-- meta -->\n\t\t<div class=\"timeline-item__meta meta\">\n\t\t\t1968\t\t<\/div><div class=\"timeline-item__content__wysiwyg\">\n\t\t\t\t<h4>Erste automatische Pappenmaschine<\/h4><p>Erste automatische Pappenmaschine (6 t\/d).<br \/>In Tullau entsteht eine neue automatische Pappenstra\u00dfe mit integriertem Trockner in neuen Geb\u00e4uden.<\/p>\t\t\t<\/div>\n\t\t<\/div><\/div><div class=\"timeline-item__card__arrow\"><\/div><\/div>\n\t\t\t\t<\/div>\n\t\t\t\t<div class=\"timeline-item__meta-wrapper\"><!-- meta -->\n\t\t<div class=\"timeline-item__meta meta timeline-item__meta meta\">\n\t\t\t1968\t\t<\/div><\/div>\n\t\t\t<\/div><div class=\"elementor-repeater-item-3f49321 ee-timeline__item timeline-item\">\n\t\t\t\t<div class=\"timeline-item__point\"><span class=\"ee-icon ee-icon-support--svg ee-timeline__item__icon\"><i aria-hidden=\"true\" class=\"far fa-calendar-times\"><\/i><\/span><\/div>\n\t\t\t\t<div class=\"timeline-item__card-wrapper\">\n\t\t\t\t\t<div class=\"timeline-item__card\">\n\n\t\t\t\t\t\t<div class=\"timeline-item__content-wrapper\"><div class=\"timeline-item__content\"><!-- meta -->\n\t\t<div class=\"timeline-item__meta meta\">\n\t\t\t1952\t\t<\/div><div class=\"timeline-item__content__wysiwyg\">\n\t\t\t\t<h4>G\u00fcnter Kurz<\/h4><p>G\u00fcnter Kurz tritt nach Abschluss seines Studiums in den Betrieb ein. Der Wiederaufbau nach dem Krieg bringt auch einen Aufschwung in der Pappenindustrie. Die Produktionstechnik wird modernisiert und die Kapazit\u00e4t vergr\u00f6\u00dfert. Anfang der 50er Jahre wird ein gro\u00dfes Walzwerk aufgebaut sowie die Stoffaufbereitung umgebaut. Die Wasserkraftanlagen werden modernisiert und ausgebaut bis auf eine Leistung von 200 kW.<\/p><p><img loading=\"lazy\" decoding=\"async\" class=\"alignnone size-full wp-image-947\" src=\"https:\/\/www.pappen.de\/wp-content\/uploads\/2020\/02\/wiese.jpg\" alt=\"\" width=\"140\" height=\"152\" \/><br \/>Pappen beim Austrocknen auf der Wiese<\/p>\t\t\t<\/div>\n\t\t<\/div><\/div><div class=\"timeline-item__card__arrow\"><\/div><\/div>\n\t\t\t\t<\/div>\n\t\t\t\t<div class=\"timeline-item__meta-wrapper\"><!-- meta -->\n\t\t<div class=\"timeline-item__meta meta timeline-item__meta meta\">\n\t\t\t1952\t\t<\/div><\/div>\n\t\t\t<\/div><div class=\"elementor-repeater-item-8d3fe46 ee-timeline__item timeline-item\">\n\t\t\t\t<div class=\"timeline-item__point\"><span class=\"ee-icon ee-icon-support--svg ee-timeline__item__icon\"><i aria-hidden=\"true\" class=\"far fa-calendar-times\"><\/i><\/span><\/div>\n\t\t\t\t<div class=\"timeline-item__card-wrapper\">\n\t\t\t\t\t<div class=\"timeline-item__card\">\n\n\t\t\t\t\t\t<div class=\"timeline-item__content-wrapper\"><div class=\"timeline-item__content\"><!-- meta -->\n\t\t<div class=\"timeline-item__meta meta\">\n\t\t\t1935\t\t<\/div><div class=\"timeline-item__content__wysiwyg\">\n\t\t\t\t<h4>Hermann Kurz<\/h4><p>Karl Kurz \u00fcbertr\u00e4gt die Gesch\u00e4ftsleitung seinem Sohn Hermann. Hermann Kurz ist bis zu seinem Tod 1977 Gesch\u00e4ftsf\u00fchrer.<\/p><p>Die Weltwirtschaftskrise in den 30er Jahren macht auch Christian R\u00e4uchle schwer zu schaffen. 1935 verkauft er seinen Betrieb an seinen Schwiegersohn Karl Kurz. Dieser vereinigt die Pappenfabrik mit dem von ihm aufgebauten Elektrizit\u00e4tswerk.<\/p><p><img loading=\"lazy\" decoding=\"async\" class=\"alignnone size-medium wp-image-941\" src=\"https:\/\/www.pappen.de\/wp-content\/uploads\/2020\/02\/hermann_kurz.jpg\" alt=\"\" width=\"140\" height=\"152\" \/> <img loading=\"lazy\" decoding=\"async\" class=\"alignnone size-medium wp-image-943\" src=\"https:\/\/www.pappen.de\/wp-content\/uploads\/2020\/02\/karl_kurz.jpg\" alt=\"\" width=\"140\" height=\"152\" \/><br \/>Hermann Kurz\u00a0 \u00a0 \u00a0 \u00a0 Karl Kurz<\/p>\t\t\t<\/div>\n\t\t<\/div><\/div><div class=\"timeline-item__card__arrow\"><\/div><\/div>\n\t\t\t\t<\/div>\n\t\t\t\t<div class=\"timeline-item__meta-wrapper\"><!-- meta -->\n\t\t<div class=\"timeline-item__meta meta timeline-item__meta meta\">\n\t\t\t1935\t\t<\/div><\/div>\n\t\t\t<\/div><div class=\"elementor-repeater-item-891441d ee-timeline__item timeline-item\">\n\t\t\t\t<div class=\"timeline-item__point\"><span class=\"ee-icon ee-icon-support--svg ee-timeline__item__icon\"><i aria-hidden=\"true\" class=\"far fa-calendar-times\"><\/i><\/span><\/div>\n\t\t\t\t<div class=\"timeline-item__card-wrapper\">\n\t\t\t\t\t<div class=\"timeline-item__card\">\n\n\t\t\t\t\t\t<div class=\"timeline-item__content-wrapper\"><div class=\"timeline-item__content\"><!-- meta -->\n\t\t<div class=\"timeline-item__meta meta\">\n\t\t\tUm 1920\t\t<\/div><div class=\"timeline-item__content__wysiwyg\">\n\t\t\t\t<h4>Ende Erster Weltkrieg<\/h4><p>Als der Erste Weltkrieg \u00fcberstanden ist, wird die Pappenfabrik erweitert und ein damals sehr moderner Elektrolastwagen angeschafft. Dieser l\u00e4uft auf umweltfreundlicher Basis ohne Abgase. Mit dem Fahrzeug werden s\u00e4mtliche Transporte zum Bahnhof und in die Stadt Schw\u00e4bisch Hall erledigt.<\/p><p><img loading=\"lazy\" decoding=\"async\" class=\"alignnone size-full wp-image-938\" src=\"https:\/\/www.pappen.de\/wp-content\/uploads\/2020\/02\/fahrzeug.jpg\" alt=\"\" width=\"140\" height=\"152\" \/><br \/>Christian R\u00e4uchle mit Fahrzeug<\/p>\t\t\t<\/div>\n\t\t<\/div><\/div><div class=\"timeline-item__card__arrow\"><\/div><\/div>\n\t\t\t\t<\/div>\n\t\t\t\t<div class=\"timeline-item__meta-wrapper\"><!-- meta -->\n\t\t<div class=\"timeline-item__meta meta timeline-item__meta meta\">\n\t\t\tUm 1920\t\t<\/div><\/div>\n\t\t\t<\/div><div class=\"elementor-repeater-item-d73b961 ee-timeline__item timeline-item\">\n\t\t\t\t<div class=\"timeline-item__point\"><span class=\"ee-icon ee-icon-support--svg ee-timeline__item__icon\"><i aria-hidden=\"true\" class=\"far fa-calendar-times\"><\/i><\/span><\/div>\n\t\t\t\t<div class=\"timeline-item__card-wrapper\">\n\t\t\t\t\t<div class=\"timeline-item__card\">\n\n\t\t\t\t\t\t<div class=\"timeline-item__content-wrapper\"><div class=\"timeline-item__content\"><!-- meta -->\n\t\t<div class=\"timeline-item__meta meta\">\n\t\t\t1911\t\t<\/div><div class=\"timeline-item__content__wysiwyg\">\n\t\t\t\t<h4>Voith Wasserturbine<\/h4><p>Eine neue Voith-Wasserturbine mit 40 PS liefert die Antriebskraft der Maschinen. Als Rohstoff zur Weiterverarbeitung dienen Altpapier und Hadern und noch heute hat TULLAU PAPPEN eine Wiederverwertungsanlage f\u00fcr Altpapier; obwohl es aufw\u00e4ndiger ist, aus Sekund\u00e4rrohstoffen ein hochwertiges Produkt herzustellen, als aus Prim\u00e4rrohstoffen, wie z.B. Zellstoff oder Holzschliff.<\/p>\t\t\t<\/div>\n\t\t<\/div><\/div><div class=\"timeline-item__card__arrow\"><\/div><\/div>\n\t\t\t\t<\/div>\n\t\t\t\t<div class=\"timeline-item__meta-wrapper\"><!-- meta -->\n\t\t<div class=\"timeline-item__meta meta timeline-item__meta meta\">\n\t\t\t1911\t\t<\/div><\/div>\n\t\t\t<\/div><div class=\"elementor-repeater-item-1712029 ee-timeline__item timeline-item\">\n\t\t\t\t<div class=\"timeline-item__point\"><span class=\"ee-icon ee-icon-support--svg ee-timeline__item__icon\"><i aria-hidden=\"true\" class=\"far fa-calendar-times\"><\/i><\/span><\/div>\n\t\t\t\t<div class=\"timeline-item__card-wrapper\">\n\t\t\t\t\t<div class=\"timeline-item__card\">\n\n\t\t\t\t\t\t<div class=\"timeline-item__content-wrapper\"><div class=\"timeline-item__content\"><!-- meta -->\n\t\t<div class=\"timeline-item__meta meta\">\n\t\t\t1908\t\t<\/div><div class=\"timeline-item__content__wysiwyg\">\n\t\t\t\t<h4>Erwerb Pappenfabrik Gall<\/h4><p>Gemeinsam mit Schwiegersohn Karl Kurz erwirbt Christian R\u00e4uchle die Pappenfabrik Gall, deren Standort an den eigenen angrenzt.<br \/>Mit acht Arbeitern werden damals t\u00e4glich 750 kg Buchbinder-, Pack- und braune Schuhpappe produziert. Es wird das Elektrizit\u00e4tswerk Tullau gegr\u00fcndet.\u00a0<\/p><p><img loading=\"lazy\" decoding=\"async\" class=\"alignnone size-full wp-image-935\" src=\"https:\/\/www.pappen.de\/wp-content\/uploads\/2020\/02\/luftbild.jpg\" alt=\"\" width=\"140\" height=\"152\" \/><\/p>\t\t\t<\/div>\n\t\t<\/div><\/div><div class=\"timeline-item__card__arrow\"><\/div><\/div>\n\t\t\t\t<\/div>\n\t\t\t\t<div class=\"timeline-item__meta-wrapper\"><!-- meta -->\n\t\t<div class=\"timeline-item__meta meta timeline-item__meta meta\">\n\t\t\t1908\t\t<\/div><\/div>\n\t\t\t<\/div><div class=\"elementor-repeater-item-f275f09 ee-timeline__item timeline-item\">\n\t\t\t\t<div class=\"timeline-item__point\"><span class=\"ee-icon ee-icon-support--svg ee-timeline__item__icon\"><i aria-hidden=\"true\" class=\"far fa-calendar-times\"><\/i><\/span><\/div>\n\t\t\t\t<div class=\"timeline-item__card-wrapper\">\n\t\t\t\t\t<div class=\"timeline-item__card\">\n\n\t\t\t\t\t\t<div class=\"timeline-item__content-wrapper\"><div class=\"timeline-item__content\"><!-- meta -->\n\t\t<div class=\"timeline-item__meta meta\">\n\t\t\t1884\t\t<\/div><div class=\"timeline-item__content__wysiwyg\">\n\t\t\t\t<h4>Neubau<\/h4><p>Neubau der Pappenfabrik durch Christian R\u00e4uchle<\/p>\t\t\t<\/div>\n\t\t<\/div><\/div><div class=\"timeline-item__card__arrow\"><\/div><\/div>\n\t\t\t\t<\/div>\n\t\t\t\t<div class=\"timeline-item__meta-wrapper\"><!-- meta -->\n\t\t<div class=\"timeline-item__meta meta timeline-item__meta meta\">\n\t\t\t1884\t\t<\/div><\/div>\n\t\t\t<\/div><div class=\"elementor-repeater-item-afaf963 ee-timeline__item timeline-item\">\n\t\t\t\t<div class=\"timeline-item__point\"><span class=\"ee-icon ee-icon-support--svg ee-timeline__item__icon\"><i aria-hidden=\"true\" class=\"far fa-calendar-times\"><\/i><\/span><\/div>\n\t\t\t\t<div class=\"timeline-item__card-wrapper\">\n\t\t\t\t\t<div class=\"timeline-item__card\">\n\n\t\t\t\t\t\t<div class=\"timeline-item__content-wrapper\"><div class=\"timeline-item__content\"><!-- meta -->\n\t\t<div class=\"timeline-item__meta meta\">\n\t\t\t1878\t\t<\/div><div class=\"timeline-item__content__wysiwyg\">\n\t\t\t\t<h4>Erwerb der M\u00fchle in Tullau<\/h4><p>Christian R\u00e4uchle erwirbt die M\u00fchle in Tullau: Durch die N\u00e4he zum Fluss Kocher sind schon seit Jahrhunderten M\u00fchlen betrieben worden, wesentliche Bedingungen, um eine Pappenfabrik zu etablieren. Alle Maschinen werden damals von zwei gro\u00dfen Wasserr\u00e4dern mit je 5,5 m Durchmesser angetrieben.<\/p><p><img loading=\"lazy\" decoding=\"async\" class=\"alignnone size-full wp-image-932\" src=\"https:\/\/www.pappen.de\/wp-content\/uploads\/2020\/02\/christian_raeuchle.jpg\" alt=\"\" width=\"140\" height=\"152\" \/><br \/>Christian R\u00e4uchle<\/p>\t\t\t<\/div>\n\t\t<\/div><\/div><div class=\"timeline-item__card__arrow\"><\/div><\/div>\n\t\t\t\t<\/div>\n\t\t\t\t<div class=\"timeline-item__meta-wrapper\"><!-- meta -->\n\t\t<div class=\"timeline-item__meta meta timeline-item__meta meta\">\n\t\t\t1878\t\t<\/div><\/div>\n\t\t\t<\/div><div class=\"elementor-repeater-item-b3cc01f ee-timeline__item timeline-item\">\n\t\t\t\t<div class=\"timeline-item__point\"><span class=\"ee-icon ee-icon-support--svg ee-timeline__item__icon\"><i aria-hidden=\"true\" class=\"far fa-calendar-times\"><\/i><\/span><\/div>\n\t\t\t\t<div class=\"timeline-item__card-wrapper\">\n\t\t\t\t\t<div class=\"timeline-item__card\">\n\n\t\t\t\t\t\t<div class=\"timeline-item__content-wrapper\"><div class=\"timeline-item__content\"><!-- meta -->\n\t\t<div class=\"timeline-item__meta meta\">\n\t\t\tUm 1650\t\t<\/div><div class=\"timeline-item__content__wysiwyg\">\n\t\t\t\t<h4>Die M\u00fchle<\/h4><p>Ursprung als Mahl-, Walk-, \u00d6l-, Obst-, S\u00e4gem\u00fchlen<\/p>\t\t\t<\/div>\n\t\t<\/div><\/div><div class=\"timeline-item__card__arrow\"><\/div><\/div>\n\t\t\t\t<\/div>\n\t\t\t\t<div class=\"timeline-item__meta-wrapper\"><!-- meta -->\n\t\t<div class=\"timeline-item__meta meta timeline-item__meta meta\">\n\t\t\tUm 1650\t\t<\/div><\/div>\n\t\t\t<\/div><\/section>\t\t\t\t<\/div>\n\t\t\t\t<\/div>\n\t\t\t\t\t<\/div>\n\t\t<\/div>\n\t\t\t\t\t<\/div>\n\t\t<\/section>\n\t\t\t\t<\/div>\n\t\t","protected":false},"excerpt":{"rendered":"<p>Gegr\u00fcndet wurde die Pappenfabrik Tullau im Jahr 1878 und ist seither im Familienbesitz. Ursprung war die Nutzung der umweltfreundlichen Wasserkraft, [&hellip;]<\/p>\n","protected":false},"author":1,"featured_media":883,"parent":12,"menu_order":20,"comment_status":"closed","ping_status":"closed","template":"","meta":{"_acf_changed":false,"footnotes":""},"class_list":["post-35","page","type-page","status-publish","has-post-thumbnail","hentry"],"acf":[],"_links":{"self":[{"href":"https:\/\/www.pappen.de\/de\/wp-json\/wp\/v2\/pages\/35","targetHints":{"allow":["GET"]}}],"collection":[{"href":"https:\/\/www.pappen.de\/de\/wp-json\/wp\/v2\/pages"}],"about":[{"href":"https:\/\/www.pappen.de\/de\/wp-json\/wp\/v2\/types\/page"}],"author":[{"embeddable":true,"href":"https:\/\/www.pappen.de\/de\/wp-json\/wp\/v2\/users\/1"}],"replies":[{"embeddable":true,"href":"https:\/\/www.pappen.de\/de\/wp-json\/wp\/v2\/comments?post=35"}],"version-history":[{"count":38,"href":"https:\/\/www.pappen.de\/de\/wp-json\/wp\/v2\/pages\/35\/revisions"}],"predecessor-version":[{"id":5655,"href":"https:\/\/www.pappen.de\/de\/wp-json\/wp\/v2\/pages\/35\/revisions\/5655"}],"up":[{"embeddable":true,"href":"https:\/\/www.pappen.de\/de\/wp-json\/wp\/v2\/pages\/12"}],"wp:featuredmedia":[{"embeddable":true,"href":"https:\/\/www.pappen.de\/de\/wp-json\/wp\/v2\/media\/883"}],"wp:attachment":[{"href":"https:\/\/www.pappen.de\/de\/wp-json\/wp\/v2\/media?parent=35"}],"curies":[{"name":"wp","href":"https:\/\/api.w.org\/{rel}","templated":true}]}}