{"id":5111,"date":"2024-12-10T15:12:05","date_gmt":"2024-12-10T14:12:05","guid":{"rendered":"https:\/\/www.pappen.de\/?page_id=5111"},"modified":"2025-06-02T13:17:58","modified_gmt":"2025-06-02T11:17:58","slug":"nachhaltigkeit","status":"publish","type":"page","link":"https:\/\/www.pappen.de\/de\/nachhaltigkeit\/","title":{"rendered":"Nachhaltigkeit"},"content":{"rendered":"\t\t<div data-elementor-type=\"wp-page\" data-elementor-id=\"5111\" class=\"elementor elementor-5111\" data-elementor-post-type=\"page\">\n\t\t\t\t\t\t<section class=\"elementor-section elementor-top-section elementor-element elementor-element-9b6fcf3 make--section--regular elementor-section-boxed elementor-section-height-default elementor-section-height-default\" data-id=\"9b6fcf3\" data-element_type=\"section\" data-e-type=\"section\">\n\t\t\t\t\t\t<div class=\"elementor-container elementor-column-gap-default\">\n\t\t\t\t\t<div class=\"elementor-column elementor-col-100 elementor-top-column elementor-element elementor-element-f4f3b1a\" data-id=\"f4f3b1a\" data-element_type=\"column\" data-e-type=\"column\">\n\t\t\t<div class=\"elementor-widget-wrap elementor-element-populated\">\n\t\t\t\t\t\t<section class=\"elementor-section elementor-inner-section elementor-element elementor-element-b4ab80e make--section--regular elementor-section-boxed elementor-section-height-default elementor-section-height-default\" data-id=\"b4ab80e\" data-element_type=\"section\" data-e-type=\"section\">\n\t\t\t\t\t\t<div class=\"elementor-container elementor-column-gap-wider\">\n\t\t\t\t\t<div class=\"elementor-column elementor-col-50 elementor-inner-column elementor-element elementor-element-603de15\" data-id=\"603de15\" data-element_type=\"column\" data-e-type=\"column\">\n\t\t\t<div class=\"elementor-widget-wrap elementor-element-populated\">\n\t\t\t\t\t\t<div class=\"elementor-element elementor-element-42d2932 elementor-widget elementor-widget-image\" data-id=\"42d2932\" data-element_type=\"widget\" data-e-type=\"widget\" data-widget_type=\"image.default\">\n\t\t\t\t<div class=\"elementor-widget-container\">\n\t\t\t\t\t<span id=42d2932><\/span>\t\t\t\t\t\t\t\t\t\t\t<a href=\"https:\/\/www.pappen.de\/wp-content\/uploads\/2025\/06\/Urkunde_Blauer-Engel.png\" data-elementor-open-lightbox=\"yes\" data-elementor-lightbox-title=\"Urkunde_Blauer-Engel\" data-e-action-hash=\"#elementor-action%3Aaction%3Dlightbox%26settings%3DeyJpZCI6NTQxMiwidXJsIjoiaHR0cHM6XC9cL3d3dy5wYXBwZW4uZGVcL3dwLWNvbnRlbnRcL3VwbG9hZHNcLzIwMjVcLzA2XC9Vcmt1bmRlX0JsYXVlci1FbmdlbC5wbmcifQ%3D%3D\">\n\t\t\t\t\t\t\t<img fetchpriority=\"high\" decoding=\"async\" width=\"565\" height=\"800\" src=\"https:\/\/www.pappen.de\/wp-content\/uploads\/2025\/06\/Urkunde_Blauer-Engel.png\" class=\"attachment-large size-large wp-image-5412\" alt=\"\" srcset=\"https:\/\/www.pappen.de\/wp-content\/uploads\/2025\/06\/Urkunde_Blauer-Engel.png 565w, https:\/\/www.pappen.de\/wp-content\/uploads\/2025\/06\/Urkunde_Blauer-Engel-212x300.png 212w\" sizes=\"(max-width: 565px) 100vw, 565px\" \/>\t\t\t\t\t\t\t\t<\/a>\n\t\t\t\t\t\t\t\t\t\t\t\t\t\t\t<\/div>\n\t\t\t\t<\/div>\n\t\t\t\t\t<\/div>\n\t\t<\/div>\n\t\t\t\t<div class=\"elementor-column elementor-col-50 elementor-inner-column elementor-element elementor-element-15d5386\" data-id=\"15d5386\" data-element_type=\"column\" data-e-type=\"column\">\n\t\t\t<div class=\"elementor-widget-wrap elementor-element-populated\">\n\t\t\t\t\t\t<div class=\"elementor-element elementor-element-e115d56 elementor-widget elementor-widget-text-editor\" data-id=\"e115d56\" data-element_type=\"widget\" data-e-type=\"widget\" data-widget_type=\"text-editor.default\">\n\t\t\t\t<div class=\"elementor-widget-container\">\n\t\t\t\t\t<span id=e115d56><\/span>\t\t\t\t<h3>Blauer Engel<\/h3><p>Der Blaue Engel ist das Umweltzeichen der Bundesregierung. Er ber\u00fccksichtigt wichtige Kriterien wie Energieverbrauch, Klimaauswirkungen, Abfallmanagement und den Einsatz problematischer Rohstoffe. <br \/>Das Zertifikat steht f\u00fcr besondere Umweltfreundlichkeit und kennzeichnet umweltschonende Produkte und Dienstleistungen.<br \/><strong>Zu diesen Produkten z\u00e4hlt nun auch unser Karton bis 1250 g\/m\u00b2.<\/strong> <br \/>Wir freuen uns, das Umweltzeichen Blauer Engel f\u00fcr unseren Karton erhalten zu haben!<br \/>Damit setzen wir ein Zeichen f\u00fcr umweltbewusste Verpackungsl\u00f6sungen und tragen aktiv zum Schutz unserer Umwelt bei.<\/p>\t\t\t\t\t\t\t\t<\/div>\n\t\t\t\t<\/div>\n\t\t\t\t\t<\/div>\n\t\t<\/div>\n\t\t\t\t\t<\/div>\n\t\t<\/section>\n\t\t\t\t\t<\/div>\n\t\t<\/div>\n\t\t\t\t\t<\/div>\n\t\t<\/section>\n\t\t\t\t<section class=\"elementor-section elementor-top-section elementor-element elementor-element-6eee70a make--section--regular elementor-section-boxed elementor-section-height-default elementor-section-height-default\" data-id=\"6eee70a\" data-element_type=\"section\" data-e-type=\"section\">\n\t\t\t\t\t\t<div class=\"elementor-container elementor-column-gap-default\">\n\t\t\t\t\t<div class=\"elementor-column elementor-col-100 elementor-top-column elementor-element elementor-element-e7a56e3\" data-id=\"e7a56e3\" data-element_type=\"column\" data-e-type=\"column\">\n\t\t\t<div class=\"elementor-widget-wrap elementor-element-populated\">\n\t\t\t\t\t\t<div class=\"elementor-element elementor-element-5e80d3f custom--h0 custom--mt--0 elementor-widget elementor-widget-heading\" data-id=\"5e80d3f\" data-element_type=\"widget\" data-e-type=\"widget\" data-widget_type=\"heading.default\">\n\t\t\t\t<div class=\"elementor-widget-container\">\n\t\t\t\t\t<span id=5e80d3f><\/span><h2 class=\"elementor-heading-title elementor-size-default\">Wir \u00fcbernehmen Verantwortung und bewahren unsere Umwelt<\/h2>\t\t\t\t<\/div>\n\t\t\t\t<\/div>\n\t\t\t\t\t<\/div>\n\t\t<\/div>\n\t\t\t\t\t<\/div>\n\t\t<\/section>\n\t\t\t\t<section class=\"elementor-section elementor-top-section elementor-element elementor-element-cf2a60b make--section--regular elementor-section-boxed elementor-section-height-default elementor-section-height-default\" data-id=\"cf2a60b\" data-element_type=\"section\" data-e-type=\"section\">\n\t\t\t\t\t\t<div class=\"elementor-container elementor-column-gap-wider\">\n\t\t\t\t\t<div class=\"elementor-column elementor-col-100 elementor-top-column elementor-element elementor-element-be231d5\" data-id=\"be231d5\" data-element_type=\"column\" data-e-type=\"column\">\n\t\t\t<div class=\"elementor-widget-wrap elementor-element-populated\">\n\t\t\t\t\t\t<div class=\"elementor-element elementor-element-99cdcf1 elementor-widget elementor-widget-image\" data-id=\"99cdcf1\" data-element_type=\"widget\" data-e-type=\"widget\" data-widget_type=\"image.default\">\n\t\t\t\t<div class=\"elementor-widget-container\">\n\t\t\t\t\t<span id=99cdcf1><\/span>\t\t\t\t\t\t\t\t\t\t<img decoding=\"async\" width=\"768\" height=\"1195\" src=\"https:\/\/www.pappen.de\/wp-content\/uploads\/2025\/01\/3241127-Verantwortung-Tullau-Pappen_Extrakt-768x1195.jpg\" class=\"attachment-medium_large size-medium_large wp-image-5282\" alt=\"\" srcset=\"https:\/\/www.pappen.de\/wp-content\/uploads\/2025\/01\/3241127-Verantwortung-Tullau-Pappen_Extrakt-768x1195.jpg 768w, https:\/\/www.pappen.de\/wp-content\/uploads\/2025\/01\/3241127-Verantwortung-Tullau-Pappen_Extrakt-193x300.jpg 193w, https:\/\/www.pappen.de\/wp-content\/uploads\/2025\/01\/3241127-Verantwortung-Tullau-Pappen_Extrakt-658x1024.jpg 658w, https:\/\/www.pappen.de\/wp-content\/uploads\/2025\/01\/3241127-Verantwortung-Tullau-Pappen_Extrakt-987x1536.jpg 987w, https:\/\/www.pappen.de\/wp-content\/uploads\/2025\/01\/3241127-Verantwortung-Tullau-Pappen_Extrakt-1317x2048.jpg 1317w, https:\/\/www.pappen.de\/wp-content\/uploads\/2025\/01\/3241127-Verantwortung-Tullau-Pappen_Extrakt-scaled.jpg 1646w\" sizes=\"(max-width: 768px) 100vw, 768px\" \/>\t\t\t\t\t\t\t\t\t\t\t\t\t\t\t<\/div>\n\t\t\t\t<\/div>\n\t\t\t\t<div class=\"elementor-element elementor-element-5dd2238 elementor-widget elementor-widget-text-editor\" data-id=\"5dd2238\" data-element_type=\"widget\" data-e-type=\"widget\" data-widget_type=\"text-editor.default\">\n\t\t\t\t<div class=\"elementor-widget-container\">\n\t\t\t\t\t<span id=5dd2238><\/span>\t\t\t\t<p>&#8222;Tullau Pappen verpflichtet sich an den CSR-Initiativen und Grunds\u00e4tzen, um die Verantwortung des Unternehmens zu reflektieren und zu st\u00e4rken. Wir sind eng verbunden mit unserer Umwelt und setzen unsere Kr\u00e4fte daf\u00fcr ein, unsere Produkte und Aktivit\u00e4ten nachhaltig zu gestalten. Mit unserer Energie- und Umweltpolitik gem\u00e4\u00df ISO 50001 geben wir unsere Zusage, nicht nur gesetzliche Anforderungen einzuhalten, sondern auch die Umwelt zu sch\u00fctzen und zu verbessern. Dies ist unser Beitrag zur Nachhaltigkeit, zu Ressourcenschonung und zu einem besseren Morgen.&#8220;<\/p>\t\t\t\t\t\t\t\t<\/div>\n\t\t\t\t<\/div>\n\t\t\t\t<div class=\"elementor-element elementor-element-ae01a91 elementor-widget elementor-widget-text-editor\" data-id=\"ae01a91\" data-element_type=\"widget\" data-e-type=\"widget\" data-widget_type=\"text-editor.default\">\n\t\t\t\t<div class=\"elementor-widget-container\">\n\t\t\t\t\t<span id=ae01a91><\/span>\t\t\t\t<p>Unsere seit Jahrzehnten gelebte nachhaltige Unternehmenskultur setzten wir in einer konsequenten Umweltpolitik um, indem unser Unternehmen Verantwortung f\u00fcr die Auswirkungen, die unsere Produkte, Produktion und T\u00e4tigkeiten auf die Umwelt und die Allgemeinheit haben \u00fcbernimmt. Wir gehen bewusst \u00fcber die gesetzlichen Anforderungen hinaus und setzen alles daran, die Umweltauswirkungen unserer Anlagen st\u00e4ndig zu reduzieren. Dabei legen wir gro\u00dfen Wert darauf, nat\u00fcrliche Ressourcen zu schonen und Emissionen zu minimieren.<br \/>Eine offene und transparente Kommunikation mit unseren Mitarbeitenden und der \u00d6ffentlichkeit ist uns besonders wichtig. Unsere Umweltleitlinien sind f\u00fcr jeden zug\u00e4nglich, und die Einhaltung der Gesetze ist f\u00fcr uns selbstverst\u00e4ndlich. Gleichzeitig integrieren wir unsere Umweltpolitik in alle Bereiche des Unternehmens und bilden unsere Mitarbeitenden aus, damit sie umweltfreundlich handeln k\u00f6nnen.<br \/>Durch diese nachhaltige Herangehensweise tragen wir aktiv zum Umweltschutz bei, schonen wertvolle Ressourcen und sch\u00fctzen unsere Natur f\u00fcr zuk\u00fcnftige Generationen. Verantwortung und Ressourcenschonung stehen dabei im Mittelpunkt unseres Handelns. <\/p>\t\t\t\t\t\t\t\t<\/div>\n\t\t\t\t<\/div>\n\t\t\t\t\t<\/div>\n\t\t<\/div>\n\t\t\t\t\t<\/div>\n\t\t<\/section>\n\t\t\t\t<section class=\"elementor-section elementor-top-section elementor-element elementor-element-bec0ae4 make--section--regular elementor-section-boxed elementor-section-height-default elementor-section-height-default\" data-id=\"bec0ae4\" data-element_type=\"section\" data-e-type=\"section\">\n\t\t\t\t\t\t<div class=\"elementor-container elementor-column-gap-wider\">\n\t\t\t\t\t<div class=\"elementor-column elementor-col-50 elementor-top-column elementor-element elementor-element-53b68e6\" data-id=\"53b68e6\" data-element_type=\"column\" data-e-type=\"column\">\n\t\t\t<div class=\"elementor-widget-wrap elementor-element-populated\">\n\t\t\t\t\t\t<div class=\"elementor-element elementor-element-b50cac6 elementor-widget elementor-widget-image\" data-id=\"b50cac6\" data-element_type=\"widget\" data-e-type=\"widget\" data-widget_type=\"image.default\">\n\t\t\t\t<div class=\"elementor-widget-container\">\n\t\t\t\t\t<span id=b50cac6><\/span>\t\t\t\t\t\t\t\t\t\t<img decoding=\"async\" width=\"711\" height=\"1024\" src=\"https:\/\/www.pappen.de\/wp-content\/uploads\/2025\/01\/6Energiepolitik-Karl-Kurz-GmbH-2021-1-711x1024.jpg\" class=\"attachment-large size-large wp-image-5284\" alt=\"\" srcset=\"https:\/\/www.pappen.de\/wp-content\/uploads\/2025\/01\/6Energiepolitik-Karl-Kurz-GmbH-2021-1-711x1024.jpg 711w, https:\/\/www.pappen.de\/wp-content\/uploads\/2025\/01\/6Energiepolitik-Karl-Kurz-GmbH-2021-1-208x300.jpg 208w, https:\/\/www.pappen.de\/wp-content\/uploads\/2025\/01\/6Energiepolitik-Karl-Kurz-GmbH-2021-1-768x1106.jpg 768w, https:\/\/www.pappen.de\/wp-content\/uploads\/2025\/01\/6Energiepolitik-Karl-Kurz-GmbH-2021-1-1067x1536.jpg 1067w, https:\/\/www.pappen.de\/wp-content\/uploads\/2025\/01\/6Energiepolitik-Karl-Kurz-GmbH-2021-1-1423x2048.jpg 1423w, https:\/\/www.pappen.de\/wp-content\/uploads\/2025\/01\/6Energiepolitik-Karl-Kurz-GmbH-2021-1-scaled.jpg 1778w\" sizes=\"(max-width: 711px) 100vw, 711px\" \/>\t\t\t\t\t\t\t\t\t\t\t\t\t\t\t<\/div>\n\t\t\t\t<\/div>\n\t\t\t\t\t<\/div>\n\t\t<\/div>\n\t\t\t\t<div class=\"elementor-column elementor-col-50 elementor-top-column elementor-element elementor-element-35b4f64\" data-id=\"35b4f64\" data-element_type=\"column\" data-e-type=\"column\">\n\t\t\t<div class=\"elementor-widget-wrap elementor-element-populated\">\n\t\t\t\t\t\t<div class=\"elementor-element elementor-element-4d78cb8 elementor-widget elementor-widget-image\" data-id=\"4d78cb8\" data-element_type=\"widget\" data-e-type=\"widget\" data-widget_type=\"image.default\">\n\t\t\t\t<div class=\"elementor-widget-container\">\n\t\t\t\t\t<span id=4d78cb8><\/span>\t\t\t\t\t\t\t\t\t\t<img loading=\"lazy\" decoding=\"async\" width=\"646\" height=\"1024\" src=\"https:\/\/www.pappen.de\/wp-content\/uploads\/2025\/01\/5Umweltpolitik_TullauPappen-646x1024.jpg\" class=\"attachment-large size-large wp-image-5280\" alt=\"\" srcset=\"https:\/\/www.pappen.de\/wp-content\/uploads\/2025\/01\/5Umweltpolitik_TullauPappen-646x1024.jpg 646w, https:\/\/www.pappen.de\/wp-content\/uploads\/2025\/01\/5Umweltpolitik_TullauPappen-189x300.jpg 189w, https:\/\/www.pappen.de\/wp-content\/uploads\/2025\/01\/5Umweltpolitik_TullauPappen-768x1217.jpg 768w, https:\/\/www.pappen.de\/wp-content\/uploads\/2025\/01\/5Umweltpolitik_TullauPappen-969x1536.jpg 969w, https:\/\/www.pappen.de\/wp-content\/uploads\/2025\/01\/5Umweltpolitik_TullauPappen-1292x2048.jpg 1292w, https:\/\/www.pappen.de\/wp-content\/uploads\/2025\/01\/5Umweltpolitik_TullauPappen-scaled.jpg 1615w\" sizes=\"(max-width: 646px) 100vw, 646px\" \/>\t\t\t\t\t\t\t\t\t\t\t\t\t\t\t<\/div>\n\t\t\t\t<\/div>\n\t\t\t\t\t<\/div>\n\t\t<\/div>\n\t\t\t\t\t<\/div>\n\t\t<\/section>\n\t\t\t\t<section class=\"elementor-section elementor-top-section elementor-element elementor-element-ba68406 elementor-section-full_width elementor-section-height-default elementor-section-height-default\" data-id=\"ba68406\" data-element_type=\"section\" data-e-type=\"section\">\n\t\t\t\t\t\t<div class=\"elementor-container elementor-column-gap-default\">\n\t\t\t\t\t<div class=\"elementor-column elementor-col-100 elementor-top-column elementor-element elementor-element-bef87cc\" data-id=\"bef87cc\" data-element_type=\"column\" data-e-type=\"column\" data-settings=\"{&quot;background_background&quot;:&quot;classic&quot;}\">\n\t\t\t<div class=\"elementor-widget-wrap elementor-element-populated\">\n\t\t\t\t\t\t<div class=\"elementor-element elementor-element-40f4123 elementor-widget elementor-widget-spacer\" data-id=\"40f4123\" data-element_type=\"widget\" data-e-type=\"widget\" data-widget_type=\"spacer.default\">\n\t\t\t\t<div class=\"elementor-widget-container\">\n\t\t\t\t\t<span id=40f4123><\/span>\t\t<div class=\"elementor-spacer\">\n\t\t\t<div class=\"elementor-spacer-inner\"><\/div>\n\t\t<\/div>\n\t\t\t\t\t\t<\/div>\n\t\t\t\t<\/div>\n\t\t\t\t\t<\/div>\n\t\t<\/div>\n\t\t\t\t\t<\/div>\n\t\t<\/section>\n\t\t\t\t<section class=\"elementor-section elementor-top-section elementor-element elementor-element-7fd3462 make--section--regular elementor-section-boxed elementor-section-height-default elementor-section-height-default\" data-id=\"7fd3462\" data-element_type=\"section\" data-e-type=\"section\">\n\t\t\t\t\t\t<div class=\"elementor-container elementor-column-gap-default\">\n\t\t\t\t\t<div class=\"elementor-column elementor-col-100 elementor-top-column elementor-element elementor-element-954bd78\" data-id=\"954bd78\" data-element_type=\"column\" data-e-type=\"column\">\n\t\t\t<div class=\"elementor-widget-wrap elementor-element-populated\">\n\t\t\t\t\t\t<div class=\"elementor-element elementor-element-634512c elementor-widget elementor-widget-text-editor\" data-id=\"634512c\" data-element_type=\"widget\" data-e-type=\"widget\" data-widget_type=\"text-editor.default\">\n\t\t\t\t<div class=\"elementor-widget-container\">\n\t\t\t\t\t<span id=634512c><\/span>\t\t\t\t<p>Wir bei Tullau Pappen haben bereits 2014 ein Energiemanagementsystem eingef\u00fchrt und leben eine verantwortungsbewusste Energiepolitik. Wir legen gro\u00dfen Wert auf Ressourcenschonung und sehen die Optimierung unseres Energieverbrauchs als wichtigen Beitrag zum Umweltschutz. Wir arbeiten kontinuierlich daran, unsere Prozesse zu verbessern, um Energie effizient zu nutzen und den CO2-Fu\u00dfabdruck unserer Produkte zu reduzieren. Bei neuen Investitionen achten wir konsequent darauf, energieeffiziente L\u00f6sungen einzusetzen, und \u00fcberwachen unseren Energieverbrauch mit einem modernen Energiemanagementsystem, um diesen stetig zu optimieren. Unsere Gesch\u00e4ftsleitung stellt sicher, dass alle n\u00f6tigen Ressourcen bereitstehen und wir alle gesetzlichen Vorgaben einhalten. Mit unserem klaren Fokus auf nachhaltiges Handeln tragen wir aktiv dazu bei, die Umweltbelastung zu minimieren und den Klimaschutz voranzutreiben.<\/p>\t\t\t\t\t\t\t\t<\/div>\n\t\t\t\t<\/div>\n\t\t\t\t\t<\/div>\n\t\t<\/div>\n\t\t\t\t\t<\/div>\n\t\t<\/section>\n\t\t\t\t<section class=\"elementor-section elementor-top-section elementor-element elementor-element-0af371d make--section--regular elementor-section-boxed elementor-section-height-default elementor-section-height-default\" data-id=\"0af371d\" data-element_type=\"section\" data-e-type=\"section\">\n\t\t\t\t\t\t<div class=\"elementor-container elementor-column-gap-default\">\n\t\t\t\t\t<div class=\"elementor-column elementor-col-100 elementor-top-column elementor-element elementor-element-2ab31b0\" data-id=\"2ab31b0\" data-element_type=\"column\" data-e-type=\"column\">\n\t\t\t<div class=\"elementor-widget-wrap elementor-element-populated\">\n\t\t\t\t\t\t<div class=\"elementor-element elementor-element-22440a0 custom--h0 custom--mt--0 elementor-widget elementor-widget-heading\" data-id=\"22440a0\" data-element_type=\"widget\" data-e-type=\"widget\" data-widget_type=\"heading.default\">\n\t\t\t\t<div class=\"elementor-widget-container\">\n\t\t\t\t\t<span id=22440a0><\/span><h2 class=\"elementor-heading-title elementor-size-default\">Unsere \u00f6kologische Verantwortung<\/h2>\t\t\t\t<\/div>\n\t\t\t\t<\/div>\n\t\t\t\t\t<\/div>\n\t\t<\/div>\n\t\t\t\t\t<\/div>\n\t\t<\/section>\n\t\t\t\t<section class=\"elementor-section elementor-top-section elementor-element elementor-element-2ed54ad make--section--regular elementor-section-boxed elementor-section-height-default elementor-section-height-default\" data-id=\"2ed54ad\" data-element_type=\"section\" data-e-type=\"section\">\n\t\t\t\t\t\t<div class=\"elementor-container elementor-column-gap-default\">\n\t\t\t\t\t<div class=\"elementor-column elementor-col-100 elementor-top-column elementor-element elementor-element-d80da28\" data-id=\"d80da28\" data-element_type=\"column\" data-e-type=\"column\">\n\t\t\t<div class=\"elementor-widget-wrap elementor-element-populated\">\n\t\t\t\t\t\t<div class=\"elementor-element elementor-element-f6fe4ef elementor-widget elementor-widget-text-editor\" data-id=\"f6fe4ef\" data-element_type=\"widget\" data-e-type=\"widget\" data-widget_type=\"text-editor.default\">\n\t\t\t\t<div class=\"elementor-widget-container\">\n\t\t\t\t\t<span id=f6fe4ef><\/span>\t\t\t\t<h4>Unser Rohstoff Altpapier<\/h4><p>F\u00fcr unsere Vollpappen verwenden wir ausschlie\u00dflich Altpapier aus der Sammlung von Haushalten und lokalen Altpapierh\u00e4ndlern. Nur wenn Kunden ganz spezielle Anforderungen haben, verwenden wir einen kleinen Anteil frischer Papierfasern. Alle unsere Produkte sind vom Forest Stewardship Council (FSC\u00ae) zertifiziert, was sicherstellt, dass sie umweltfreundlich und nachhaltig sind.<\/p><p>Obwohl unsere Produkte komplett aus Altpapier bestehen, beginnen sie urspr\u00fcnglich als Baum, da jede recycelte Faser einmal eine frische Faser war. Diese Fasern k\u00f6nnen bis zu 20 Mal recycelt werden. Am Ende ihrer Lebensdauer, wenn sie nicht mehr f\u00fcr die Papierproduktion geeignet sind, werden sie zur Energiegewinnung genutzt. So verwenden wir sie vollst\u00e4ndig und nachhaltig.<\/p>\t\t\t\t\t\t\t\t<\/div>\n\t\t\t\t<\/div>\n\t\t\t\t\t<\/div>\n\t\t<\/div>\n\t\t\t\t\t<\/div>\n\t\t<\/section>\n\t\t\t\t<section class=\"elementor-section elementor-top-section elementor-element elementor-element-6331ef2 make--section--regular elementor-section-boxed elementor-section-height-default elementor-section-height-default\" data-id=\"6331ef2\" data-element_type=\"section\" data-e-type=\"section\">\n\t\t\t\t\t\t<div class=\"elementor-container elementor-column-gap-default\">\n\t\t\t\t\t<div class=\"elementor-column elementor-col-100 elementor-top-column elementor-element elementor-element-b1ff482\" data-id=\"b1ff482\" data-element_type=\"column\" data-e-type=\"column\">\n\t\t\t<div class=\"elementor-widget-wrap elementor-element-populated\">\n\t\t\t\t\t\t<div class=\"elementor-element elementor-element-bdc09cd elementor-widget elementor-widget-text-editor\" data-id=\"bdc09cd\" data-element_type=\"widget\" data-e-type=\"widget\" data-widget_type=\"text-editor.default\">\n\t\t\t\t<div class=\"elementor-widget-container\">\n\t\t\t\t\t<span id=bdc09cd><\/span>\t\t\t\t<h4>Unsere Pappenherstellung ist energieintensiv<\/h4><p>Wir legen gro\u00dfen Wert darauf, unsere Produktionsprozesse so energieeffizient wie m\u00f6glich zu gestalten und stetig weiterzuentwickeln. Seit 2014 verfolgen wir erfolgreich unsere ambitionierten Ziele mit Hilfe unseres zertifizierten Energiemanagementsystem nach ISO 50001 und k\u00f6nnen jedes Jahr bei einer Re-Auditierung den Nachweis unsere gesetzten Ziele vorweisen.<br \/>Der erzeugte Dampf wird im Trockner f\u00fcr die Trocknung unserer Vollpappenb\u00f6gen verwendet. Zum Gro\u00dfteil wird der kondensierte Dampf als Wasser zur\u00fcck ins Kesselhaus geleitet und zur erneuten Dampferzeugung verwendet. So entsteht ein geschlossener Kreislauf.<\/p><p>Der bei der Trocknung entstehende Dampf wird durch den Trockner aufgefangen und mittels W\u00e4rmer\u00fcckgewinnungsanlagen genutzt. Diese W\u00e4rme verwenden wir haupts\u00e4chlich f\u00fcr die Bel\u00fcftung der Produktionshallen und Maschinen sowie f\u00fcr den Betrieb der Hei\u00dfwassersysteme. Auch unser Verwaltungsgeb\u00e4ude wird damit vollst\u00e4ndig beheizt. So nutzen wir die Energie in jeder Energiestufe effizient aus.<\/p>\t\t\t\t\t\t\t\t<\/div>\n\t\t\t\t<\/div>\n\t\t\t\t\t<\/div>\n\t\t<\/div>\n\t\t\t\t\t<\/div>\n\t\t<\/section>\n\t\t\t\t<section class=\"elementor-section elementor-top-section elementor-element elementor-element-802409e make--section--regular elementor-section-boxed elementor-section-height-default elementor-section-height-default\" data-id=\"802409e\" data-element_type=\"section\" data-e-type=\"section\">\n\t\t\t\t\t\t<div class=\"elementor-container elementor-column-gap-default\">\n\t\t\t\t\t<div class=\"elementor-column elementor-col-100 elementor-top-column elementor-element elementor-element-5fb3b82\" data-id=\"5fb3b82\" data-element_type=\"column\" data-e-type=\"column\">\n\t\t\t<div class=\"elementor-widget-wrap elementor-element-populated\">\n\t\t\t\t\t\t<div class=\"elementor-element elementor-element-455a953 elementor-widget elementor-widget-text-editor\" data-id=\"455a953\" data-element_type=\"widget\" data-e-type=\"widget\" data-widget_type=\"text-editor.default\">\n\t\t\t\t<div class=\"elementor-widget-container\">\n\t\t\t\t\t<span id=455a953><\/span>\t\t\t\t<h4>Frischwasser, Wasserrecycling und kein Abwasser<\/h4><p>Wasser ist eine kostbare Ressource, und daher gehen wir \u00e4u\u00dferst verantwortungsvoll und schonend damit um. An unserem Standort sind wir nicht an eine kommunale Kl\u00e4ranlage angeschlossen, da wir bei Tullau Pappen \u00fcber einen geschlossenen Wasserkreislauf verf\u00fcgen. Dieses System erm\u00f6glicht es uns, das f\u00fcr die Produktion von Vollpappe ben\u00f6tigte Wasser gr\u00f6\u00dftenteils wiederzuverwenden und so den Verbrauch von Frischwasser erheblich zu reduzieren.<\/p>\t\t\t\t\t\t\t\t<\/div>\n\t\t\t\t<\/div>\n\t\t\t\t<section class=\"elementor-section elementor-inner-section elementor-element elementor-element-49b62e7 make--section--regular elementor-section-boxed elementor-section-height-default elementor-section-height-default\" data-id=\"49b62e7\" data-element_type=\"section\" data-e-type=\"section\">\n\t\t\t\t\t\t<div class=\"elementor-container elementor-column-gap-wider\">\n\t\t\t\t\t<div class=\"elementor-column elementor-col-50 elementor-inner-column elementor-element elementor-element-9c743bc\" data-id=\"9c743bc\" data-element_type=\"column\" data-e-type=\"column\">\n\t\t\t<div class=\"elementor-widget-wrap elementor-element-populated\">\n\t\t\t\t\t\t<div class=\"elementor-element elementor-element-a6dff57 elementor-widget elementor-widget-image\" data-id=\"a6dff57\" data-element_type=\"widget\" data-e-type=\"widget\" data-widget_type=\"image.default\">\n\t\t\t\t<div class=\"elementor-widget-container\">\n\t\t\t\t\t<span id=a6dff57><\/span>\t\t\t\t\t\t\t\t\t\t\t<a href=\"https:\/\/www.pappen.de\/wp-content\/uploads\/2024\/12\/Wasserkreislauf.png\" data-elementor-open-lightbox=\"yes\" data-elementor-lightbox-title=\"Wasserkreislauf\" data-e-action-hash=\"#elementor-action%3Aaction%3Dlightbox%26settings%3DeyJpZCI6NTE1MSwidXJsIjoiaHR0cHM6XC9cL3d3dy5wYXBwZW4uZGVcL3dwLWNvbnRlbnRcL3VwbG9hZHNcLzIwMjRcLzEyXC9XYXNzZXJrcmVpc2xhdWYucG5nIn0%3D\">\n\t\t\t\t\t\t\t<img loading=\"lazy\" decoding=\"async\" width=\"721\" height=\"1024\" src=\"https:\/\/www.pappen.de\/wp-content\/uploads\/2024\/12\/Wasserkreislauf-721x1024.png\" class=\"attachment-large size-large wp-image-5151\" alt=\"\" srcset=\"https:\/\/www.pappen.de\/wp-content\/uploads\/2024\/12\/Wasserkreislauf-721x1024.png 721w, https:\/\/www.pappen.de\/wp-content\/uploads\/2024\/12\/Wasserkreislauf-211x300.png 211w, https:\/\/www.pappen.de\/wp-content\/uploads\/2024\/12\/Wasserkreislauf-768x1090.png 768w, https:\/\/www.pappen.de\/wp-content\/uploads\/2024\/12\/Wasserkreislauf.png 844w\" sizes=\"(max-width: 721px) 100vw, 721px\" \/>\t\t\t\t\t\t\t\t<\/a>\n\t\t\t\t\t\t\t\t\t\t\t\t\t\t\t<\/div>\n\t\t\t\t<\/div>\n\t\t\t\t\t<\/div>\n\t\t<\/div>\n\t\t\t\t<div class=\"elementor-column elementor-col-50 elementor-inner-column elementor-element elementor-element-9fb06c2\" data-id=\"9fb06c2\" data-element_type=\"column\" data-e-type=\"column\">\n\t\t\t<div class=\"elementor-widget-wrap elementor-element-populated\">\n\t\t\t\t\t\t<div class=\"elementor-element elementor-element-7063886 elementor-widget elementor-widget-text-editor\" data-id=\"7063886\" data-element_type=\"widget\" data-e-type=\"widget\" data-widget_type=\"text-editor.default\">\n\t\t\t\t<div class=\"elementor-widget-container\">\n\t\t\t\t\t<span id=7063886><\/span>\t\t\t\t<p>\u00dcbersch\u00fcssiger Wasserdampf, der bei der Produktion entsteht und nicht in den Kreislauf zur\u00fcckgef\u00fchrt werden kann, wird in die Atmosph\u00e4re abgegeben. Durch die Freisetzung dieses reinen und umweltneutralen Dampfes wird sichergestellt, die Umweltbelastung auf ein Minimum zu reduzieren.<br \/>Dies passt perfekt zu unserer Philosophie eines nachhaltigen und verantwortungsbewussten Umgangs mit Ressourcen und erg\u00e4nzt unsere Bem\u00fchungen um energieeffiziente und recyclingorientierte Produktionsprozesse. Auf diese Weise leisten wir einen wichtigen Beitrag zum Schutz unserer wertvollen nat\u00fcrlichen Ressourcen.<\/p><p>Bei Tullau Pappen ist umweltbewusstes Arbeiten und Handeln selbstverst\u00e4ndlich. Durch unsere nachhaltigen Methoden leisten wir einen aktiven Beitrag zum Schutz der Umwelt und tragen dazu bei, nat\u00fcrliche Ressourcen zu schonen und zu bewahren.<\/p>\t\t\t\t\t\t\t\t<\/div>\n\t\t\t\t<\/div>\n\t\t\t\t\t<\/div>\n\t\t<\/div>\n\t\t\t\t\t<\/div>\n\t\t<\/section>\n\t\t\t\t\t<\/div>\n\t\t<\/div>\n\t\t\t\t\t<\/div>\n\t\t<\/section>\n\t\t\t\t<section class=\"elementor-section elementor-top-section elementor-element elementor-element-84eb5e2 make--section--regular elementor-section-boxed elementor-section-height-default elementor-section-height-default\" data-id=\"84eb5e2\" data-element_type=\"section\" data-e-type=\"section\">\n\t\t\t\t\t\t<div class=\"elementor-container elementor-column-gap-wider\">\n\t\t\t\t\t<div class=\"elementor-column elementor-col-33 elementor-top-column elementor-element elementor-element-7c84613\" data-id=\"7c84613\" data-element_type=\"column\" data-e-type=\"column\" data-settings=\"{&quot;background_background&quot;:&quot;classic&quot;}\">\n\t\t\t<div class=\"elementor-widget-wrap elementor-element-populated\">\n\t\t\t\t\t\t<div class=\"elementor-element elementor-element-22f99ea elementor-widget elementor-widget-image\" data-id=\"22f99ea\" data-element_type=\"widget\" data-e-type=\"widget\" data-widget_type=\"image.default\">\n\t\t\t\t<div class=\"elementor-widget-container\">\n\t\t\t\t\t<span id=22f99ea><\/span>\t\t\t\t\t\t\t\t\t\t<img loading=\"lazy\" decoding=\"async\" width=\"150\" height=\"150\" src=\"https:\/\/www.pappen.de\/wp-content\/uploads\/2024\/12\/Icon-Baum-150x150.png\" class=\"attachment-thumbnail size-thumbnail wp-image-5171\" alt=\"\" srcset=\"https:\/\/www.pappen.de\/wp-content\/uploads\/2024\/12\/Icon-Baum-150x150.png 150w, https:\/\/www.pappen.de\/wp-content\/uploads\/2024\/12\/Icon-Baum-300x300.png 300w, https:\/\/www.pappen.de\/wp-content\/uploads\/2024\/12\/Icon-Baum-60x60.png 60w, https:\/\/www.pappen.de\/wp-content\/uploads\/2024\/12\/Icon-Baum-450x450.png 450w, https:\/\/www.pappen.de\/wp-content\/uploads\/2024\/12\/Icon-Baum-400x400.png 400w, https:\/\/www.pappen.de\/wp-content\/uploads\/2024\/12\/Icon-Baum.png 500w\" sizes=\"(max-width: 150px) 100vw, 150px\" \/>\t\t\t\t\t\t\t\t\t\t\t\t\t\t\t<\/div>\n\t\t\t\t<\/div>\n\t\t\t\t<div class=\"elementor-element elementor-element-e1e7178 elementor-widget elementor-widget-text-editor\" data-id=\"e1e7178\" data-element_type=\"widget\" data-e-type=\"widget\" data-widget_type=\"text-editor.default\">\n\t\t\t\t<div class=\"elementor-widget-container\">\n\t\t\t\t\t<span id=e1e7178><\/span>\t\t\t\t<p><strong>FSC\u00ae <\/strong><\/p><p>Unser Altpapier ist FSC MIX\/FSC Recycled zertifiziert nach den Standards: FSC-STD-40-007 V2-0; FSC-STD-40-004 V3-1<\/p><p><a href=\"https:\/\/search.fsc.org\/de\/certificate\/a024000000KfFk1AAF\/\">Lizenzcode<\/a>: FSC\u00ae C120656<\/p>\t\t\t\t\t\t\t\t<\/div>\n\t\t\t\t<\/div>\n\t\t\t\t\t<\/div>\n\t\t<\/div>\n\t\t\t\t<div class=\"elementor-column elementor-col-33 elementor-top-column elementor-element elementor-element-a24c598\" data-id=\"a24c598\" data-element_type=\"column\" data-e-type=\"column\" data-settings=\"{&quot;background_background&quot;:&quot;classic&quot;}\">\n\t\t\t<div class=\"elementor-widget-wrap elementor-element-populated\">\n\t\t\t\t\t\t<div class=\"elementor-element elementor-element-3549f82 elementor-widget elementor-widget-image\" data-id=\"3549f82\" data-element_type=\"widget\" data-e-type=\"widget\" data-widget_type=\"image.default\">\n\t\t\t\t<div class=\"elementor-widget-container\">\n\t\t\t\t\t<span id=3549f82><\/span>\t\t\t\t\t\t\t\t\t\t<img loading=\"lazy\" decoding=\"async\" width=\"150\" height=\"150\" src=\"https:\/\/www.pappen.de\/wp-content\/uploads\/2024\/12\/Icon-Recycling-150x150.png\" class=\"attachment-thumbnail size-thumbnail wp-image-5177\" alt=\"\" srcset=\"https:\/\/www.pappen.de\/wp-content\/uploads\/2024\/12\/Icon-Recycling-150x150.png 150w, https:\/\/www.pappen.de\/wp-content\/uploads\/2024\/12\/Icon-Recycling-300x300.png 300w, https:\/\/www.pappen.de\/wp-content\/uploads\/2024\/12\/Icon-Recycling-60x60.png 60w, https:\/\/www.pappen.de\/wp-content\/uploads\/2024\/12\/Icon-Recycling-450x450.png 450w, https:\/\/www.pappen.de\/wp-content\/uploads\/2024\/12\/Icon-Recycling-400x400.png 400w, https:\/\/www.pappen.de\/wp-content\/uploads\/2024\/12\/Icon-Recycling.png 500w\" sizes=\"(max-width: 150px) 100vw, 150px\" \/>\t\t\t\t\t\t\t\t\t\t\t\t\t\t\t<\/div>\n\t\t\t\t<\/div>\n\t\t\t\t<div class=\"elementor-element elementor-element-dc7a46d elementor-widget elementor-widget-text-editor\" data-id=\"dc7a46d\" data-element_type=\"widget\" data-e-type=\"widget\" data-widget_type=\"text-editor.default\">\n\t\t\t\t<div class=\"elementor-widget-container\">\n\t\t\t\t\t<span id=dc7a46d><\/span>\t\t\t\t<p><strong>ISEGA Recyclingkarton f\u00fcr Lebensmittelkontakt<\/strong><\/p><p>Unsere Vollpappenprodukte haben eine <strong>Unbedenklichkeitserkl\u00e4rung<\/strong> nach ISEGA und sind damit Lebensmittelkonform zertifiziert. <\/p>\t\t\t\t\t\t\t\t<\/div>\n\t\t\t\t<\/div>\n\t\t\t\t\t<\/div>\n\t\t<\/div>\n\t\t\t\t<div class=\"elementor-column elementor-col-33 elementor-top-column elementor-element elementor-element-446a158\" data-id=\"446a158\" data-element_type=\"column\" data-e-type=\"column\" data-settings=\"{&quot;background_background&quot;:&quot;classic&quot;}\">\n\t\t\t<div class=\"elementor-widget-wrap elementor-element-populated\">\n\t\t\t\t\t\t<div class=\"elementor-element elementor-element-a2c3cbf elementor-widget elementor-widget-image\" data-id=\"a2c3cbf\" data-element_type=\"widget\" data-e-type=\"widget\" data-widget_type=\"image.default\">\n\t\t\t\t<div class=\"elementor-widget-container\">\n\t\t\t\t\t<span id=a2c3cbf><\/span>\t\t\t\t\t\t\t\t\t\t<img loading=\"lazy\" decoding=\"async\" width=\"150\" height=\"150\" src=\"https:\/\/www.pappen.de\/wp-content\/uploads\/2024\/12\/Icon-Wasser-1-150x150.png\" class=\"attachment-thumbnail size-thumbnail wp-image-5181\" alt=\"\" srcset=\"https:\/\/www.pappen.de\/wp-content\/uploads\/2024\/12\/Icon-Wasser-1-150x150.png 150w, https:\/\/www.pappen.de\/wp-content\/uploads\/2024\/12\/Icon-Wasser-1-300x300.png 300w, https:\/\/www.pappen.de\/wp-content\/uploads\/2024\/12\/Icon-Wasser-1-60x60.png 60w, https:\/\/www.pappen.de\/wp-content\/uploads\/2024\/12\/Icon-Wasser-1-450x450.png 450w, https:\/\/www.pappen.de\/wp-content\/uploads\/2024\/12\/Icon-Wasser-1-400x400.png 400w, https:\/\/www.pappen.de\/wp-content\/uploads\/2024\/12\/Icon-Wasser-1.png 500w\" sizes=\"(max-width: 150px) 100vw, 150px\" \/>\t\t\t\t\t\t\t\t\t\t\t\t\t\t\t<\/div>\n\t\t\t\t<\/div>\n\t\t\t\t<div class=\"elementor-element elementor-element-6253515 elementor-widget elementor-widget-text-editor\" data-id=\"6253515\" data-element_type=\"widget\" data-e-type=\"widget\" data-widget_type=\"text-editor.default\">\n\t\t\t\t<div class=\"elementor-widget-container\">\n\t\t\t\t\t<span id=6253515><\/span>\t\t\t\t<p><strong>Farben auf Pflanzenbasis<\/strong><\/p><p>Unsere Farben f\u00fcr Bunte Vollpappen aus migrationsarmen Pigmenten. enthalten keinen Alkohol und kein Mineral\u00f6l und tragen damit weniger Schadstoffe in den Recyclingprozess ein, als herk\u00f6mmliche Druckfarbe. <\/p>\t\t\t\t\t\t\t\t<\/div>\n\t\t\t\t<\/div>\n\t\t\t\t\t<\/div>\n\t\t<\/div>\n\t\t\t\t\t<\/div>\n\t\t<\/section>\n\t\t\t\t<section class=\"elementor-section elementor-top-section elementor-element elementor-element-0cee453 make--section--regular elementor-section-boxed elementor-section-height-default elementor-section-height-default\" data-id=\"0cee453\" data-element_type=\"section\" data-e-type=\"section\">\n\t\t\t\t\t\t<div class=\"elementor-container elementor-column-gap-wider\">\n\t\t\t\t\t<div class=\"elementor-column elementor-col-33 elementor-top-column elementor-element elementor-element-e21e185\" data-id=\"e21e185\" data-element_type=\"column\" data-e-type=\"column\" data-settings=\"{&quot;background_background&quot;:&quot;classic&quot;}\">\n\t\t\t<div class=\"elementor-widget-wrap elementor-element-populated\">\n\t\t\t\t\t\t<div class=\"elementor-element elementor-element-31ad416 elementor-widget elementor-widget-image\" data-id=\"31ad416\" data-element_type=\"widget\" data-e-type=\"widget\" data-widget_type=\"image.default\">\n\t\t\t\t<div class=\"elementor-widget-container\">\n\t\t\t\t\t<span id=31ad416><\/span>\t\t\t\t\t\t\t\t\t\t<img loading=\"lazy\" decoding=\"async\" width=\"150\" height=\"150\" src=\"https:\/\/www.pappen.de\/wp-content\/uploads\/2024\/12\/Icon-Vorsicht-1-150x150.png\" class=\"attachment-thumbnail size-thumbnail wp-image-5179\" alt=\"\" srcset=\"https:\/\/www.pappen.de\/wp-content\/uploads\/2024\/12\/Icon-Vorsicht-1-150x150.png 150w, https:\/\/www.pappen.de\/wp-content\/uploads\/2024\/12\/Icon-Vorsicht-1-300x300.png 300w, https:\/\/www.pappen.de\/wp-content\/uploads\/2024\/12\/Icon-Vorsicht-1-60x60.png 60w, https:\/\/www.pappen.de\/wp-content\/uploads\/2024\/12\/Icon-Vorsicht-1-450x450.png 450w, https:\/\/www.pappen.de\/wp-content\/uploads\/2024\/12\/Icon-Vorsicht-1-400x400.png 400w, https:\/\/www.pappen.de\/wp-content\/uploads\/2024\/12\/Icon-Vorsicht-1.png 500w\" sizes=\"(max-width: 150px) 100vw, 150px\" \/>\t\t\t\t\t\t\t\t\t\t\t\t\t\t\t<\/div>\n\t\t\t\t<\/div>\n\t\t\t\t<div class=\"elementor-element elementor-element-4116df5 elementor-widget elementor-widget-text-editor\" data-id=\"4116df5\" data-element_type=\"widget\" data-e-type=\"widget\" data-widget_type=\"text-editor.default\">\n\t\t\t\t<div class=\"elementor-widget-container\">\n\t\t\t\t\t<span id=4116df5><\/span>\t\t\t\t<p><strong>Gesundheits- und umweltvertr\u00e4gliche Stoffe<\/strong><\/p><p>Wir pr\u00fcfen unsere Rohstoffe auf bedenkliche Inhaltsstoffe und suchen bei Bedarf geeignete gesundheits- und umweltvertr\u00e4glichere Ersatzstoffe. <\/p>\t\t\t\t\t\t\t\t<\/div>\n\t\t\t\t<\/div>\n\t\t\t\t\t<\/div>\n\t\t<\/div>\n\t\t\t\t<div class=\"elementor-column elementor-col-33 elementor-top-column elementor-element elementor-element-1f4bd77\" data-id=\"1f4bd77\" data-element_type=\"column\" data-e-type=\"column\" data-settings=\"{&quot;background_background&quot;:&quot;classic&quot;}\">\n\t\t\t<div class=\"elementor-widget-wrap elementor-element-populated\">\n\t\t\t\t\t\t<div class=\"elementor-element elementor-element-6478e97 elementor-widget elementor-widget-image\" data-id=\"6478e97\" data-element_type=\"widget\" data-e-type=\"widget\" data-widget_type=\"image.default\">\n\t\t\t\t<div class=\"elementor-widget-container\">\n\t\t\t\t\t<span id=6478e97><\/span>\t\t\t\t\t\t\t\t\t\t<img loading=\"lazy\" decoding=\"async\" width=\"150\" height=\"150\" src=\"https:\/\/www.pappen.de\/wp-content\/uploads\/2024\/12\/Icon-Fuss-1-150x150.png\" class=\"attachment-thumbnail size-thumbnail wp-image-5175\" alt=\"\" srcset=\"https:\/\/www.pappen.de\/wp-content\/uploads\/2024\/12\/Icon-Fuss-1-150x150.png 150w, https:\/\/www.pappen.de\/wp-content\/uploads\/2024\/12\/Icon-Fuss-1-300x300.png 300w, https:\/\/www.pappen.de\/wp-content\/uploads\/2024\/12\/Icon-Fuss-1-60x60.png 60w, https:\/\/www.pappen.de\/wp-content\/uploads\/2024\/12\/Icon-Fuss-1-450x450.png 450w, https:\/\/www.pappen.de\/wp-content\/uploads\/2024\/12\/Icon-Fuss-1-400x400.png 400w, https:\/\/www.pappen.de\/wp-content\/uploads\/2024\/12\/Icon-Fuss-1.png 500w\" sizes=\"(max-width: 150px) 100vw, 150px\" \/>\t\t\t\t\t\t\t\t\t\t\t\t\t\t\t<\/div>\n\t\t\t\t<\/div>\n\t\t\t\t<div class=\"elementor-element elementor-element-21306af elementor-widget elementor-widget-text-editor\" data-id=\"21306af\" data-element_type=\"widget\" data-e-type=\"widget\" data-widget_type=\"text-editor.default\">\n\t\t\t\t<div class=\"elementor-widget-container\">\n\t\t\t\t\t<span id=21306af><\/span>\t\t\t\t<p><strong>Treibhausgas Bilanzierung<\/strong><\/p>\n<p>Wir bilanzieren unseren Energieverbrauch nach international anerkannten Standards und sind in der Lage, den Unternehmens CO2-Fu\u00dfabdruck zu ermitteln.<\/p>\t\t\t\t\t\t\t\t<\/div>\n\t\t\t\t<\/div>\n\t\t\t\t\t<\/div>\n\t\t<\/div>\n\t\t\t\t<div class=\"elementor-column elementor-col-33 elementor-top-column elementor-element elementor-element-ba0c0f0\" data-id=\"ba0c0f0\" data-element_type=\"column\" data-e-type=\"column\" data-settings=\"{&quot;background_background&quot;:&quot;classic&quot;}\">\n\t\t\t<div class=\"elementor-widget-wrap elementor-element-populated\">\n\t\t\t\t\t\t<div class=\"elementor-element elementor-element-e3a3d62 elementor-widget elementor-widget-image\" data-id=\"e3a3d62\" data-element_type=\"widget\" data-e-type=\"widget\" data-widget_type=\"image.default\">\n\t\t\t\t<div class=\"elementor-widget-container\">\n\t\t\t\t\t<span id=e3a3d62><\/span>\t\t\t\t\t\t\t\t\t\t<img loading=\"lazy\" decoding=\"async\" width=\"150\" height=\"150\" src=\"https:\/\/www.pappen.de\/wp-content\/uploads\/2024\/12\/Icon-Co2-1-150x150.png\" class=\"attachment-thumbnail size-thumbnail wp-image-5173\" alt=\"\" srcset=\"https:\/\/www.pappen.de\/wp-content\/uploads\/2024\/12\/Icon-Co2-1-150x150.png 150w, https:\/\/www.pappen.de\/wp-content\/uploads\/2024\/12\/Icon-Co2-1-300x300.png 300w, https:\/\/www.pappen.de\/wp-content\/uploads\/2024\/12\/Icon-Co2-1-60x60.png 60w, https:\/\/www.pappen.de\/wp-content\/uploads\/2024\/12\/Icon-Co2-1-450x450.png 450w, https:\/\/www.pappen.de\/wp-content\/uploads\/2024\/12\/Icon-Co2-1-400x400.png 400w, https:\/\/www.pappen.de\/wp-content\/uploads\/2024\/12\/Icon-Co2-1.png 500w\" sizes=\"(max-width: 150px) 100vw, 150px\" \/>\t\t\t\t\t\t\t\t\t\t\t\t\t\t\t<\/div>\n\t\t\t\t<\/div>\n\t\t\t\t<div class=\"elementor-element elementor-element-b940d84 elementor-widget elementor-widget-text-editor\" data-id=\"b940d84\" data-element_type=\"widget\" data-e-type=\"widget\" data-widget_type=\"text-editor.default\">\n\t\t\t\t<div class=\"elementor-widget-container\">\n\t\t\t\t\t<span id=b940d84><\/span>\t\t\t\t<p><strong>\u00a0 \u00a0 \u00a0 \u00a0CO2-Emissionsmanagement<\/strong><\/p><ul><li>Zertifizierung nach ISO 50001 Energiemanagement<\/li><li>Modernste energieeffiziente Technik<\/li><li>\u00dcberwachung des Energieverbrauchs<\/li><li>Unsere Produktion ist auf energiesparende LED-Beleuchtung\u00a0umger\u00fcstet<\/li><li>Damit kostbare Energie nicht ungenutzt bleibt, f\u00fchren wir die warme Abluft der Maschinen wieder zur\u00fcck und heizen damit unsere Produktion und das Verwaltungsgeb\u00e4ude<\/li><\/ul>\t\t\t\t\t\t\t\t<\/div>\n\t\t\t\t<\/div>\n\t\t\t\t\t<\/div>\n\t\t<\/div>\n\t\t\t\t\t<\/div>\n\t\t<\/section>\n\t\t\t\t<section class=\"elementor-section elementor-top-section elementor-element elementor-element-a64b5f6 make--section--regular elementor-section-boxed elementor-section-height-default elementor-section-height-default\" data-id=\"a64b5f6\" data-element_type=\"section\" data-e-type=\"section\">\n\t\t\t\t\t\t<div class=\"elementor-container elementor-column-gap-default\">\n\t\t\t\t\t<div class=\"elementor-column elementor-col-100 elementor-top-column elementor-element elementor-element-a65d2bf\" data-id=\"a65d2bf\" data-element_type=\"column\" data-e-type=\"column\">\n\t\t\t<div class=\"elementor-widget-wrap elementor-element-populated\">\n\t\t\t\t\t\t<div class=\"elementor-element elementor-element-b0db9db custom--h0 custom--mt--0 elementor-widget elementor-widget-heading\" data-id=\"b0db9db\" data-element_type=\"widget\" data-e-type=\"widget\" data-widget_type=\"heading.default\">\n\t\t\t\t<div class=\"elementor-widget-container\">\n\t\t\t\t\t<span id=b0db9db><\/span><h2 class=\"elementor-heading-title elementor-size-default\">Unser Engagement<\/h2>\t\t\t\t<\/div>\n\t\t\t\t<\/div>\n\t\t\t\t<div class=\"elementor-element elementor-element-eb391fd elementor-widget elementor-widget-text-editor\" data-id=\"eb391fd\" data-element_type=\"widget\" data-e-type=\"widget\" data-widget_type=\"text-editor.default\">\n\t\t\t\t<div class=\"elementor-widget-container\">\n\t\t\t\t\t<span id=eb391fd><\/span>\t\t\t\t<p>Wir verfolgen die Aktivit\u00e4ten der <a href=\"https:\/\/modellfabrikpapier.de\/\">Modelfabrik Papier<\/a> mit dem Ziel, bis 2045 treibhausgasneutral zu werden. Zudem sind wir Verbandsmitglied <a href=\"https:\/\/www.papierindustrie.de\/\">Die Papierindustrie<\/a>, welche uns bei Nachhaltigkeitsthemen f\u00fcr die Papierindustrie unterst\u00fctzt.\u00a0<\/p>\t\t\t\t\t\t\t\t<\/div>\n\t\t\t\t<\/div>\n\t\t\t\t\t<\/div>\n\t\t<\/div>\n\t\t\t\t\t<\/div>\n\t\t<\/section>\n\t\t\t\t<section class=\"elementor-section elementor-top-section elementor-element elementor-element-95d73e4 make--section--regular elementor-section-boxed elementor-section-height-default elementor-section-height-default\" data-id=\"95d73e4\" data-element_type=\"section\" data-e-type=\"section\">\n\t\t\t\t\t\t<div class=\"elementor-container elementor-column-gap-default\">\n\t\t\t\t\t<div class=\"elementor-column elementor-col-33 elementor-top-column elementor-element elementor-element-f9f49b9\" data-id=\"f9f49b9\" data-element_type=\"column\" data-e-type=\"column\">\n\t\t\t<div class=\"elementor-widget-wrap elementor-element-populated\">\n\t\t\t\t\t\t<div class=\"elementor-element elementor-element-4d53522 elementor-widget elementor-widget-image\" data-id=\"4d53522\" data-element_type=\"widget\" data-e-type=\"widget\" data-widget_type=\"image.default\">\n\t\t\t\t<div class=\"elementor-widget-container\">\n\t\t\t\t\t<span id=4d53522><\/span>\t\t\t\t\t\t\t\t\t\t<img loading=\"lazy\" decoding=\"async\" width=\"192\" height=\"300\" src=\"https:\/\/www.pappen.de\/wp-content\/uploads\/2025\/01\/Patenkindertafel-192x300.jpg\" class=\"attachment-medium size-medium wp-image-5275\" alt=\"\" srcset=\"https:\/\/www.pappen.de\/wp-content\/uploads\/2025\/01\/Patenkindertafel-192x300.jpg 192w, https:\/\/www.pappen.de\/wp-content\/uploads\/2025\/01\/Patenkindertafel-654x1024.jpg 654w, https:\/\/www.pappen.de\/wp-content\/uploads\/2025\/01\/Patenkindertafel-768x1202.jpg 768w, https:\/\/www.pappen.de\/wp-content\/uploads\/2025\/01\/Patenkindertafel-981x1536.jpg 981w, https:\/\/www.pappen.de\/wp-content\/uploads\/2025\/01\/Patenkindertafel-1308x2048.jpg 1308w, https:\/\/www.pappen.de\/wp-content\/uploads\/2025\/01\/Patenkindertafel-scaled.jpg 1635w\" sizes=\"(max-width: 192px) 100vw, 192px\" \/>\t\t\t\t\t\t\t\t\t\t\t\t\t\t\t<\/div>\n\t\t\t\t<\/div>\n\t\t\t\t\t<\/div>\n\t\t<\/div>\n\t\t\t\t<div class=\"elementor-column elementor-col-66 elementor-top-column elementor-element elementor-element-3d8d13e\" data-id=\"3d8d13e\" data-element_type=\"column\" data-e-type=\"column\">\n\t\t\t<div class=\"elementor-widget-wrap elementor-element-populated\">\n\t\t\t\t\t\t<div class=\"elementor-element elementor-element-7ca1838 elementor-widget elementor-widget-text-editor\" data-id=\"7ca1838\" data-element_type=\"widget\" data-e-type=\"widget\" data-widget_type=\"text-editor.default\">\n\t\t\t\t<div class=\"elementor-widget-container\">\n\t\t\t\t\t<span id=7ca1838><\/span>\t\t\t\t<p>Wir haben 3 aktive Patenkinder mit <a href=\"https:\/\/www.worldvision.de\/patenschaft\">World Vision<\/a><\/p>\t\t\t\t\t\t\t\t<\/div>\n\t\t\t\t<\/div>\n\t\t\t\t<section class=\"elementor-section elementor-inner-section elementor-element elementor-element-16811c0 make--section--regular elementor-section-boxed elementor-section-height-default elementor-section-height-default\" data-id=\"16811c0\" data-element_type=\"section\" data-e-type=\"section\">\n\t\t\t\t\t\t<div class=\"elementor-container elementor-column-gap-default\">\n\t\t\t\t\t<div class=\"elementor-column elementor-col-50 elementor-inner-column elementor-element elementor-element-dd6acc6\" data-id=\"dd6acc6\" data-element_type=\"column\" data-e-type=\"column\">\n\t\t\t<div class=\"elementor-widget-wrap elementor-element-populated\">\n\t\t\t\t\t\t<div class=\"elementor-element elementor-element-7794f32 elementor-widget elementor-widget-image\" data-id=\"7794f32\" data-element_type=\"widget\" data-e-type=\"widget\" data-widget_type=\"image.default\">\n\t\t\t\t<div class=\"elementor-widget-container\">\n\t\t\t\t\t<span id=7794f32><\/span>\t\t\t\t\t\t\t\t\t\t<img loading=\"lazy\" decoding=\"async\" width=\"800\" height=\"166\" src=\"https:\/\/www.pappen.de\/wp-content\/uploads\/2024\/12\/world-vision-logo-new-rgb-1024x212.jpg\" class=\"attachment-large size-large wp-image-5124\" alt=\"\" srcset=\"https:\/\/www.pappen.de\/wp-content\/uploads\/2024\/12\/world-vision-logo-new-rgb-1024x212.jpg 1024w, https:\/\/www.pappen.de\/wp-content\/uploads\/2024\/12\/world-vision-logo-new-rgb-300x62.jpg 300w, https:\/\/www.pappen.de\/wp-content\/uploads\/2024\/12\/world-vision-logo-new-rgb-768x159.jpg 768w, https:\/\/www.pappen.de\/wp-content\/uploads\/2024\/12\/world-vision-logo-new-rgb-1536x317.jpg 1536w, https:\/\/www.pappen.de\/wp-content\/uploads\/2024\/12\/world-vision-logo-new-rgb-2048x423.jpg 2048w\" sizes=\"(max-width: 800px) 100vw, 800px\" \/>\t\t\t\t\t\t\t\t\t\t\t\t\t\t\t<\/div>\n\t\t\t\t<\/div>\n\t\t\t\t\t<\/div>\n\t\t<\/div>\n\t\t\t\t<div class=\"elementor-column elementor-col-50 elementor-inner-column elementor-element elementor-element-f7b0d68\" data-id=\"f7b0d68\" data-element_type=\"column\" data-e-type=\"column\">\n\t\t\t<div class=\"elementor-widget-wrap\">\n\t\t\t\t\t\t\t<\/div>\n\t\t<\/div>\n\t\t\t\t\t<\/div>\n\t\t<\/section>\n\t\t\t\t\t<\/div>\n\t\t<\/div>\n\t\t\t\t\t<\/div>\n\t\t<\/section>\n\t\t\t\t<section class=\"elementor-section elementor-top-section elementor-element elementor-element-726a2f7 make--section--regular elementor-section-boxed elementor-section-height-default elementor-section-height-default\" data-id=\"726a2f7\" data-element_type=\"section\" data-e-type=\"section\">\n\t\t\t\t\t\t<div class=\"elementor-container elementor-column-gap-default\">\n\t\t\t\t\t<div class=\"elementor-column elementor-col-33 elementor-top-column elementor-element elementor-element-2215754\" data-id=\"2215754\" data-element_type=\"column\" data-e-type=\"column\">\n\t\t\t<div class=\"elementor-widget-wrap elementor-element-populated\">\n\t\t\t\t\t\t<div class=\"elementor-element elementor-element-3d9a08d elementor-widget elementor-widget-image\" data-id=\"3d9a08d\" data-element_type=\"widget\" data-e-type=\"widget\" data-widget_type=\"image.default\">\n\t\t\t\t<div class=\"elementor-widget-container\">\n\t\t\t\t\t<span id=3d9a08d><\/span>\t\t\t\t\t\t\t\t\t\t<img loading=\"lazy\" decoding=\"async\" width=\"213\" height=\"300\" src=\"https:\/\/www.pappen.de\/wp-content\/uploads\/2024\/12\/Bild3-213x300.jpg\" class=\"attachment-medium size-medium wp-image-5134\" alt=\"\" srcset=\"https:\/\/www.pappen.de\/wp-content\/uploads\/2024\/12\/Bild3-213x300.jpg 213w, https:\/\/www.pappen.de\/wp-content\/uploads\/2024\/12\/Bild3.jpg 336w\" sizes=\"(max-width: 213px) 100vw, 213px\" \/>\t\t\t\t\t\t\t\t\t\t\t\t\t\t\t<\/div>\n\t\t\t\t<\/div>\n\t\t\t\t\t<\/div>\n\t\t<\/div>\n\t\t\t\t<div class=\"elementor-column elementor-col-66 elementor-top-column elementor-element elementor-element-8981c12\" data-id=\"8981c12\" data-element_type=\"column\" data-e-type=\"column\">\n\t\t\t<div class=\"elementor-widget-wrap elementor-element-populated\">\n\t\t\t\t\t\t<div class=\"elementor-element elementor-element-943ed44 elementor-widget elementor-widget-text-editor\" data-id=\"943ed44\" data-element_type=\"widget\" data-e-type=\"widget\" data-widget_type=\"text-editor.default\">\n\t\t\t\t<div class=\"elementor-widget-container\">\n\t\t\t\t\t<span id=943ed44><\/span>\t\t\t\t<p>Wir unterst\u00fctzen unsere Regionale Kultur &#8211; JazzArt Festival Schw\u00e4bisch Hall<\/p>\t\t\t\t\t\t\t\t<\/div>\n\t\t\t\t<\/div>\n\t\t\t\t<section class=\"elementor-section elementor-inner-section elementor-element elementor-element-3a96d04 make--section--regular elementor-section-boxed elementor-section-height-default elementor-section-height-default\" data-id=\"3a96d04\" data-element_type=\"section\" data-e-type=\"section\">\n\t\t\t\t\t\t<div class=\"elementor-container elementor-column-gap-default\">\n\t\t\t\t\t<div class=\"elementor-column elementor-col-50 elementor-inner-column elementor-element elementor-element-b2fe503\" data-id=\"b2fe503\" data-element_type=\"column\" data-e-type=\"column\">\n\t\t\t<div class=\"elementor-widget-wrap elementor-element-populated\">\n\t\t\t\t\t\t<div class=\"elementor-element elementor-element-22eadd5 elementor-widget elementor-widget-image\" data-id=\"22eadd5\" data-element_type=\"widget\" data-e-type=\"widget\" data-widget_type=\"image.default\">\n\t\t\t\t<div class=\"elementor-widget-container\">\n\t\t\t\t\t<span id=22eadd5><\/span>\t\t\t\t\t\t\t\t\t\t<img loading=\"lazy\" decoding=\"async\" width=\"800\" height=\"259\" src=\"https:\/\/www.pappen.de\/wp-content\/uploads\/2024\/12\/JazzArtFestival-Logo-1024x331.png\" class=\"attachment-large size-large wp-image-5130\" alt=\"\" srcset=\"https:\/\/www.pappen.de\/wp-content\/uploads\/2024\/12\/JazzArtFestival-Logo-1024x331.png 1024w, https:\/\/www.pappen.de\/wp-content\/uploads\/2024\/12\/JazzArtFestival-Logo-300x97.png 300w, https:\/\/www.pappen.de\/wp-content\/uploads\/2024\/12\/JazzArtFestival-Logo-768x249.png 768w, https:\/\/www.pappen.de\/wp-content\/uploads\/2024\/12\/JazzArtFestival-Logo.png 1279w\" sizes=\"(max-width: 800px) 100vw, 800px\" \/>\t\t\t\t\t\t\t\t\t\t\t\t\t\t\t<\/div>\n\t\t\t\t<\/div>\n\t\t\t\t\t<\/div>\n\t\t<\/div>\n\t\t\t\t<div class=\"elementor-column elementor-col-50 elementor-inner-column elementor-element elementor-element-37759f4\" data-id=\"37759f4\" data-element_type=\"column\" data-e-type=\"column\">\n\t\t\t<div class=\"elementor-widget-wrap\">\n\t\t\t\t\t\t\t<\/div>\n\t\t<\/div>\n\t\t\t\t\t<\/div>\n\t\t<\/section>\n\t\t\t\t\t<\/div>\n\t\t<\/div>\n\t\t\t\t\t<\/div>\n\t\t<\/section>\n\t\t\t\t<\/div>\n\t\t","protected":false},"excerpt":{"rendered":"<p>Blauer Engel Der Blaue Engel ist das Umweltzeichen der Bundesregierung. Er ber\u00fccksichtigt wichtige Kriterien wie Energieverbrauch, Klimaauswirkungen, Abfallmanagement und den [&hellip;]<\/p>\n","protected":false},"author":8,"featured_media":5149,"parent":0,"menu_order":0,"comment_status":"closed","ping_status":"closed","template":"","meta":{"_acf_changed":false,"footnotes":""},"class_list":["post-5111","page","type-page","status-publish","has-post-thumbnail","hentry"],"acf":[],"_links":{"self":[{"href":"https:\/\/www.pappen.de\/de\/wp-json\/wp\/v2\/pages\/5111","targetHints":{"allow":["GET"]}}],"collection":[{"href":"https:\/\/www.pappen.de\/de\/wp-json\/wp\/v2\/pages"}],"about":[{"href":"https:\/\/www.pappen.de\/de\/wp-json\/wp\/v2\/types\/page"}],"author":[{"embeddable":true,"href":"https:\/\/www.pappen.de\/de\/wp-json\/wp\/v2\/users\/8"}],"replies":[{"embeddable":true,"href":"https:\/\/www.pappen.de\/de\/wp-json\/wp\/v2\/comments?post=5111"}],"version-history":[{"count":59,"href":"https:\/\/www.pappen.de\/de\/wp-json\/wp\/v2\/pages\/5111\/revisions"}],"predecessor-version":[{"id":5419,"href":"https:\/\/www.pappen.de\/de\/wp-json\/wp\/v2\/pages\/5111\/revisions\/5419"}],"wp:featuredmedia":[{"embeddable":true,"href":"https:\/\/www.pappen.de\/de\/wp-json\/wp\/v2\/media\/5149"}],"wp:attachment":[{"href":"https:\/\/www.pappen.de\/de\/wp-json\/wp\/v2\/media?parent=5111"}],"curies":[{"name":"wp","href":"https:\/\/api.w.org\/{rel}","templated":true}]}}